{"id":3092,"date":"2025-04-20T11:42:28","date_gmt":"2025-04-20T11:42:28","guid":{"rendered":"https:\/\/abdeshof.be\/images-dambiance\/"},"modified":"2025-05-09T12:21:18","modified_gmt":"2025-05-09T12:21:18","slug":"images-dambiance","status":"publish","type":"page","link":"https:\/\/abdeshof.be\/fr\/images-dambiance\/","title":{"rendered":"Images d&rsquo;ambiance"},"content":{"rendered":"\t\t<div data-elementor-type=\"wp-page\" data-elementor-id=\"3092\" class=\"elementor elementor-3092 elementor-1979\" data-elementor-post-type=\"page\">\n\t\t\t\t<div class=\"elementor-element elementor-element-5acf003 e-flex e-con-boxed e-con e-parent\" data-id=\"5acf003\" data-element_type=\"container\" data-settings=\"{&quot;background_background&quot;:&quot;classic&quot;}\">\n\t\t\t\t\t<div class=\"e-con-inner\">\n\t\t<div class=\"elementor-element elementor-element-194633d e-con-full e-flex e-con e-child\" data-id=\"194633d\" data-element_type=\"container\">\n\t\t<div class=\"elementor-element elementor-element-f1946b6 e-con-full e-flex e-con e-child\" data-id=\"f1946b6\" data-element_type=\"container\">\n\t\t\t\t<div class=\"elementor-element elementor-element-0bba4dc elementor-view-default elementor-position-top elementor-mobile-position-top elementor-invisible elementor-widget elementor-widget-icon-box\" data-id=\"0bba4dc\" data-element_type=\"widget\" data-settings=\"{&quot;_animation&quot;:&quot;fadeInUp&quot;,&quot;_animation_delay&quot;:0}\" data-widget_type=\"icon-box.default\">\n\t\t\t\t<div class=\"elementor-widget-container\">\n\t\t\t\t\t\t\t<div class=\"elementor-icon-box-wrapper\">\n\n\t\t\t\t\t\t<div class=\"elementor-icon-box-icon\">\n\t\t\t\t<span  class=\"elementor-icon\">\n\t\t\t\t<svg xmlns=\"http:\/\/www.w3.org\/2000\/svg\" width=\"26\" height=\"34\" viewBox=\"0 0 26 34\" fill=\"none\"><path d=\"M11.2691 33.9316C11.2691 33.9316 8.39214 26.4059 12.6576 22.1445C16.9231 17.8831 22.8772 13.7642 24.2354 10.9785C24.2354 10.9785 33.0525 25.6727 11.2691 33.9293\" fill=\"#FAF0E6\"><\/path><path d=\"M23.7165 0C23.7165 0 26.4167 7.06572 22.4141 11.0679C18.4091 15.0701 12.8179 18.9369 11.5433 21.5521C11.5433 21.5521 3.26584 7.75455 23.7165 0Z\" fill=\"#FAF0E6\"><\/path><path d=\"M9.15896 25.9773C9.15896 25.9773 7.24716 20.4527 0 21.7229C0 21.7229 7.48439 24.4082 9.35898 34.0004L9.15896 25.9773Z\" fill=\"#FAF0E6\"><\/path><\/svg>\t\t\t\t<\/span>\n\t\t\t<\/div>\n\t\t\t\n\t\t\t\t\t\t<div class=\"elementor-icon-box-content\">\n\n\t\t\t\t\t\t\t\t\t<h3 class=\"elementor-icon-box-title\">\n\t\t\t\t\t\t<span  >\n\t\t\t\t\t\t\tImages d'ambiance\t\t\t\t\t\t<\/span>\n\t\t\t\t\t<\/h3>\n\t\t\t\t\n\t\t\t\t\n\t\t\t<\/div>\n\t\t\t\n\t\t<\/div>\n\t\t\t\t\t\t<\/div>\n\t\t\t\t<\/div>\n\t\t\t\t<div class=\"elementor-element elementor-element-2c90e7a elementor-invisible elementor-widget elementor-widget-heading\" data-id=\"2c90e7a\" data-element_type=\"widget\" data-settings=\"{&quot;_animation&quot;:&quot;fadeInUp&quot;,&quot;_animation_delay&quot;:0}\" data-widget_type=\"heading.default\">\n\t\t\t\t<div class=\"elementor-widget-container\">\n\t\t\t\t\t<h2 class=\"elementor-heading-title elementor-size-default\">Abdeshof<\/h2>\t\t\t\t<\/div>\n\t\t\t\t<\/div>\n\t\t\t\t<\/div>\n\t\t<div class=\"elementor-element elementor-element-872c854 e-con-full e-flex e-con e-child\" data-id=\"872c854\" data-element_type=\"container\">\n\t\t\t\t<div class=\"elementor-element elementor-element-751fa3b elementor-view-default elementor-invisible elementor-widget elementor-widget-icon\" data-id=\"751fa3b\" data-element_type=\"widget\" data-settings=\"{&quot;_animation&quot;:&quot;fadeInUp&quot;}\" data-widget_type=\"icon.default\">\n\t\t\t\t<div class=\"elementor-widget-container\">\n\t\t\t\t\t\t\t<div class=\"elementor-icon-wrapper\">\n\t\t\t<a class=\"elementor-icon\" href=\"#eerste-sectie\">\n\t\t\t<svg xmlns=\"http:\/\/www.w3.org\/2000\/svg\" width=\"55\" height=\"55\" viewBox=\"0 0 55 55\" fill=\"none\"><path fill-rule=\"evenodd\" clip-rule=\"evenodd\" d=\"M27.5 1.5C13.1406 1.5 1.5 13.1406 1.5 27.5C1.5 41.8594 13.1406 53.5 27.5 53.5C41.8594 53.5 53.5 41.8594 53.5 27.5C53.5 13.1406 41.8594 1.5 27.5 1.5ZM0.5 27.5C0.5 12.5883 12.5883 0.5 27.5 0.5C42.4117 0.5 54.5 12.5883 54.5 27.5C54.5 42.4117 42.4117 54.5 27.5 54.5C12.5883 54.5 0.5 42.4117 0.5 27.5ZM28 15.5C28.2761 15.5 28.5 15.7239 28.5 16V37.2929L36.6464 29.1464C36.8417 28.9512 37.1583 28.9512 37.3536 29.1464C37.5488 29.3417 37.5488 29.6583 37.3536 29.8536L28.3536 38.8536C28.1583 39.0488 27.8417 39.0488 27.6464 38.8536L18.6464 29.8536C18.4512 29.6583 18.4512 29.3417 18.6464 29.1464C18.8417 28.9512 19.1583 28.9512 19.3536 29.1464L27.5 37.2929V16C27.5 15.7239 27.7239 15.5 28 15.5Z\" fill=\"#FAF0E6\"><\/path><\/svg>\t\t\t<\/a>\n\t\t<\/div>\n\t\t\t\t\t\t<\/div>\n\t\t\t\t<\/div>\n\t\t\t\t<\/div>\n\t\t\t\t<\/div>\n\t\t\t\t\t<\/div>\n\t\t\t\t<\/div>\n\t\t<div class=\"elementor-element elementor-element-356d509 e-flex e-con-boxed e-con e-parent\" data-id=\"356d509\" data-element_type=\"container\" id=\"eerste-sectie\">\n\t\t\t\t\t<div class=\"e-con-inner\">\n\t\t\t\t<div class=\"elementor-element elementor-element-072a747 elementor-widget elementor-widget-gallery\" data-id=\"072a747\" data-element_type=\"widget\" data-settings=\"{&quot;gallery_layout&quot;:&quot;masonry&quot;,&quot;columns&quot;:6,&quot;columns_tablet&quot;:3,&quot;columns_mobile&quot;:3,&quot;lazyload&quot;:&quot;yes&quot;,&quot;gap&quot;:{&quot;unit&quot;:&quot;px&quot;,&quot;size&quot;:10,&quot;sizes&quot;:[]},&quot;gap_laptop&quot;:{&quot;unit&quot;:&quot;px&quot;,&quot;size&quot;:10,&quot;sizes&quot;:[]},&quot;gap_tablet&quot;:{&quot;unit&quot;:&quot;px&quot;,&quot;size&quot;:10,&quot;sizes&quot;:[]},&quot;gap_mobile&quot;:{&quot;unit&quot;:&quot;px&quot;,&quot;size&quot;:10,&quot;sizes&quot;:[]},&quot;link_to&quot;:&quot;file&quot;,&quot;overlay_background&quot;:&quot;yes&quot;,&quot;content_hover_animation&quot;:&quot;fade-in&quot;}\" data-widget_type=\"gallery.default\">\n\t\t\t\t<div class=\"elementor-widget-container\">\n\t\t\t\t\t\t\t<div class=\"elementor-gallery__container\">\n\t\t\t\t\t\t\t<a class=\"e-gallery-item elementor-gallery-item elementor-animated-content\" href=\"https:\/\/abdeshof.be\/wp-content\/uploads\/2025\/04\/22-020_Abdeshof_06052022_73-1.webp\" data-elementor-open-lightbox=\"yes\" data-elementor-lightbox-slideshow=\"072a747\" data-elementor-lightbox-title=\"22-020_Abdeshof_06052022_73-1\" data-e-action-hash=\"#elementor-action%3Aaction%3Dlightbox%26settings%3DeyJpZCI6MjA2NywidXJsIjoiaHR0cHM6XC9cL2FiZGVzaG9mLmJlXC93cC1jb250ZW50XC91cGxvYWRzXC8yMDI1XC8wNFwvMjItMDIwX0FiZGVzaG9mXzA2MDUyMDIyXzczLTEud2VicCIsInNsaWRlc2hvdyI6IjA3MmE3NDcifQ%3D%3D\">\n\t\t\t\t\t<div class=\"e-gallery-image elementor-gallery-item__image\" data-thumbnail=\"https:\/\/abdeshof.be\/wp-content\/uploads\/2025\/04\/22-020_Abdeshof_06052022_73-1-300x200.webp\" data-width=\"300\" data-height=\"200\" aria-label=\"\" role=\"img\" ><\/div>\n\t\t\t\t\t\t\t\t\t\t\t<div class=\"elementor-gallery-item__overlay\"><\/div>\n\t\t\t\t\t\t\t\t\t\t\t\t\t\t<\/a>\n\t\t\t\t\t\t\t<a class=\"e-gallery-item elementor-gallery-item elementor-animated-content\" href=\"https:\/\/abdeshof.be\/wp-content\/uploads\/2025\/04\/22-020_Abdeshof_06052022_74.webp\" data-elementor-open-lightbox=\"yes\" data-elementor-lightbox-slideshow=\"072a747\" data-elementor-lightbox-title=\"22-020_Abdeshof_06052022_74\" data-e-action-hash=\"#elementor-action%3Aaction%3Dlightbox%26settings%3DeyJpZCI6MjA2OCwidXJsIjoiaHR0cHM6XC9cL2FiZGVzaG9mLmJlXC93cC1jb250ZW50XC91cGxvYWRzXC8yMDI1XC8wNFwvMjItMDIwX0FiZGVzaG9mXzA2MDUyMDIyXzc0LndlYnAiLCJzbGlkZXNob3ciOiIwNzJhNzQ3In0%3D\">\n\t\t\t\t\t<div class=\"e-gallery-image elementor-gallery-item__image\" data-thumbnail=\"https:\/\/abdeshof.be\/wp-content\/uploads\/2025\/04\/22-020_Abdeshof_06052022_74-200x300.webp\" data-width=\"200\" data-height=\"300\" aria-label=\"\" role=\"img\" ><\/div>\n\t\t\t\t\t\t\t\t\t\t\t<div class=\"elementor-gallery-item__overlay\"><\/div>\n\t\t\t\t\t\t\t\t\t\t\t\t\t\t<\/a>\n\t\t\t\t\t\t\t<a class=\"e-gallery-item elementor-gallery-item elementor-animated-content\" href=\"https:\/\/abdeshof.be\/wp-content\/uploads\/2025\/04\/22-020_Abdeshof_06052022_78.webp\" data-elementor-open-lightbox=\"yes\" data-elementor-lightbox-slideshow=\"072a747\" data-elementor-lightbox-title=\"22-020_Abdeshof_06052022_78\" data-e-action-hash=\"#elementor-action%3Aaction%3Dlightbox%26settings%3DeyJpZCI6MjA2OSwidXJsIjoiaHR0cHM6XC9cL2FiZGVzaG9mLmJlXC93cC1jb250ZW50XC91cGxvYWRzXC8yMDI1XC8wNFwvMjItMDIwX0FiZGVzaG9mXzA2MDUyMDIyXzc4LndlYnAiLCJzbGlkZXNob3ciOiIwNzJhNzQ3In0%3D\">\n\t\t\t\t\t<div class=\"e-gallery-image elementor-gallery-item__image\" data-thumbnail=\"https:\/\/abdeshof.be\/wp-content\/uploads\/2025\/04\/22-020_Abdeshof_06052022_78-300x200.webp\" data-width=\"300\" data-height=\"200\" aria-label=\"\" role=\"img\" ><\/div>\n\t\t\t\t\t\t\t\t\t\t\t<div class=\"elementor-gallery-item__overlay\"><\/div>\n\t\t\t\t\t\t\t\t\t\t\t\t\t\t<\/a>\n\t\t\t\t\t\t\t<a class=\"e-gallery-item elementor-gallery-item elementor-animated-content\" href=\"https:\/\/abdeshof.be\/wp-content\/uploads\/2025\/04\/22-020_Abdeshof_06052022_104.webp\" data-elementor-open-lightbox=\"yes\" data-elementor-lightbox-slideshow=\"072a747\" data-elementor-lightbox-title=\"22-020_Abdeshof_06052022_104\" data-e-action-hash=\"#elementor-action%3Aaction%3Dlightbox%26settings%3DeyJpZCI6MjA3MCwidXJsIjoiaHR0cHM6XC9cL2FiZGVzaG9mLmJlXC93cC1jb250ZW50XC91cGxvYWRzXC8yMDI1XC8wNFwvMjItMDIwX0FiZGVzaG9mXzA2MDUyMDIyXzEwNC53ZWJwIiwic2xpZGVzaG93IjoiMDcyYTc0NyJ9\">\n\t\t\t\t\t<div class=\"e-gallery-image elementor-gallery-item__image\" data-thumbnail=\"https:\/\/abdeshof.be\/wp-content\/uploads\/2025\/04\/22-020_Abdeshof_06052022_104-300x200.webp\" data-width=\"300\" data-height=\"200\" aria-label=\"\" role=\"img\" ><\/div>\n\t\t\t\t\t\t\t\t\t\t\t<div class=\"elementor-gallery-item__overlay\"><\/div>\n\t\t\t\t\t\t\t\t\t\t\t\t\t\t<\/a>\n\t\t\t\t\t\t\t<a class=\"e-gallery-item elementor-gallery-item elementor-animated-content\" href=\"https:\/\/abdeshof.be\/wp-content\/uploads\/2025\/04\/22-020_Abdeshof_06052022_114-1-1.webp\" data-elementor-open-lightbox=\"yes\" data-elementor-lightbox-slideshow=\"072a747\" data-elementor-lightbox-title=\"22-020_Abdeshof_06052022_114 (1)-1\" data-e-action-hash=\"#elementor-action%3Aaction%3Dlightbox%26settings%3DeyJpZCI6MjA3MywidXJsIjoiaHR0cHM6XC9cL2FiZGVzaG9mLmJlXC93cC1jb250ZW50XC91cGxvYWRzXC8yMDI1XC8wNFwvMjItMDIwX0FiZGVzaG9mXzA2MDUyMDIyXzExNC0xLTEud2VicCIsInNsaWRlc2hvdyI6IjA3MmE3NDcifQ%3D%3D\">\n\t\t\t\t\t<div class=\"e-gallery-image elementor-gallery-item__image\" data-thumbnail=\"https:\/\/abdeshof.be\/wp-content\/uploads\/2025\/04\/22-020_Abdeshof_06052022_114-1-1-300x200.webp\" data-width=\"300\" data-height=\"200\" aria-label=\"\" role=\"img\" ><\/div>\n\t\t\t\t\t\t\t\t\t\t\t<div class=\"elementor-gallery-item__overlay\"><\/div>\n\t\t\t\t\t\t\t\t\t\t\t\t\t\t<\/a>\n\t\t\t\t\t\t\t<a class=\"e-gallery-item elementor-gallery-item elementor-animated-content\" href=\"https:\/\/abdeshof.be\/wp-content\/uploads\/2025\/04\/22-020_Abdeshof_06052022_119.webp\" data-elementor-open-lightbox=\"yes\" data-elementor-lightbox-slideshow=\"072a747\" data-elementor-lightbox-title=\"22-020_Abdeshof_06052022_119\" data-e-action-hash=\"#elementor-action%3Aaction%3Dlightbox%26settings%3DeyJpZCI6MjA3NCwidXJsIjoiaHR0cHM6XC9cL2FiZGVzaG9mLmJlXC93cC1jb250ZW50XC91cGxvYWRzXC8yMDI1XC8wNFwvMjItMDIwX0FiZGVzaG9mXzA2MDUyMDIyXzExOS53ZWJwIiwic2xpZGVzaG93IjoiMDcyYTc0NyJ9\">\n\t\t\t\t\t<div class=\"e-gallery-image elementor-gallery-item__image\" data-thumbnail=\"https:\/\/abdeshof.be\/wp-content\/uploads\/2025\/04\/22-020_Abdeshof_06052022_119-200x300.webp\" data-width=\"200\" data-height=\"300\" aria-label=\"\" role=\"img\" ><\/div>\n\t\t\t\t\t\t\t\t\t\t\t<div class=\"elementor-gallery-item__overlay\"><\/div>\n\t\t\t\t\t\t\t\t\t\t\t\t\t\t<\/a>\n\t\t\t\t\t\t\t<a class=\"e-gallery-item elementor-gallery-item elementor-animated-content\" href=\"https:\/\/abdeshof.be\/wp-content\/uploads\/2025\/04\/22-020_Abdeshof_06052022_129.webp\" data-elementor-open-lightbox=\"yes\" data-elementor-lightbox-slideshow=\"072a747\" data-elementor-lightbox-title=\"22-020_Abdeshof_06052022_129\" data-e-action-hash=\"#elementor-action%3Aaction%3Dlightbox%26settings%3DeyJpZCI6MjA3NSwidXJsIjoiaHR0cHM6XC9cL2FiZGVzaG9mLmJlXC93cC1jb250ZW50XC91cGxvYWRzXC8yMDI1XC8wNFwvMjItMDIwX0FiZGVzaG9mXzA2MDUyMDIyXzEyOS53ZWJwIiwic2xpZGVzaG93IjoiMDcyYTc0NyJ9\">\n\t\t\t\t\t<div class=\"e-gallery-image elementor-gallery-item__image\" data-thumbnail=\"https:\/\/abdeshof.be\/wp-content\/uploads\/2025\/04\/22-020_Abdeshof_06052022_129-200x300.webp\" data-width=\"200\" data-height=\"300\" aria-label=\"\" role=\"img\" ><\/div>\n\t\t\t\t\t\t\t\t\t\t\t<div class=\"elementor-gallery-item__overlay\"><\/div>\n\t\t\t\t\t\t\t\t\t\t\t\t\t\t<\/a>\n\t\t\t\t\t\t\t<a class=\"e-gallery-item elementor-gallery-item elementor-animated-content\" href=\"https:\/\/abdeshof.be\/wp-content\/uploads\/2025\/04\/22-020_Abdeshof_06052022_131.webp\" data-elementor-open-lightbox=\"yes\" data-elementor-lightbox-slideshow=\"072a747\" data-elementor-lightbox-title=\"22-020_Abdeshof_06052022_131\" data-e-action-hash=\"#elementor-action%3Aaction%3Dlightbox%26settings%3DeyJpZCI6MjA3NiwidXJsIjoiaHR0cHM6XC9cL2FiZGVzaG9mLmJlXC93cC1jb250ZW50XC91cGxvYWRzXC8yMDI1XC8wNFwvMjItMDIwX0FiZGVzaG9mXzA2MDUyMDIyXzEzMS53ZWJwIiwic2xpZGVzaG93IjoiMDcyYTc0NyJ9\">\n\t\t\t\t\t<div class=\"e-gallery-image elementor-gallery-item__image\" data-thumbnail=\"https:\/\/abdeshof.be\/wp-content\/uploads\/2025\/04\/22-020_Abdeshof_06052022_131-300x200.webp\" data-width=\"300\" data-height=\"200\" aria-label=\"\" role=\"img\" ><\/div>\n\t\t\t\t\t\t\t\t\t\t\t<div class=\"elementor-gallery-item__overlay\"><\/div>\n\t\t\t\t\t\t\t\t\t\t\t\t\t\t<\/a>\n\t\t\t\t\t\t\t<a class=\"e-gallery-item elementor-gallery-item elementor-animated-content\" href=\"https:\/\/abdeshof.be\/wp-content\/uploads\/2025\/04\/22-020_Abdeshof_06052022_138.webp\" data-elementor-open-lightbox=\"yes\" data-elementor-lightbox-slideshow=\"072a747\" data-elementor-lightbox-title=\"22-020_Abdeshof_06052022_138\" data-e-action-hash=\"#elementor-action%3Aaction%3Dlightbox%26settings%3DeyJpZCI6MjA3NywidXJsIjoiaHR0cHM6XC9cL2FiZGVzaG9mLmJlXC93cC1jb250ZW50XC91cGxvYWRzXC8yMDI1XC8wNFwvMjItMDIwX0FiZGVzaG9mXzA2MDUyMDIyXzEzOC53ZWJwIiwic2xpZGVzaG93IjoiMDcyYTc0NyJ9\">\n\t\t\t\t\t<div class=\"e-gallery-image elementor-gallery-item__image\" data-thumbnail=\"https:\/\/abdeshof.be\/wp-content\/uploads\/2025\/04\/22-020_Abdeshof_06052022_138-300x200.webp\" data-width=\"300\" data-height=\"200\" aria-label=\"\" role=\"img\" ><\/div>\n\t\t\t\t\t\t\t\t\t\t\t<div class=\"elementor-gallery-item__overlay\"><\/div>\n\t\t\t\t\t\t\t\t\t\t\t\t\t\t<\/a>\n\t\t\t\t\t\t\t<a class=\"e-gallery-item elementor-gallery-item elementor-animated-content\" href=\"https:\/\/abdeshof.be\/wp-content\/uploads\/2025\/04\/22-020_Abdeshof_06052022_148.webp\" data-elementor-open-lightbox=\"yes\" data-elementor-lightbox-slideshow=\"072a747\" data-elementor-lightbox-title=\"22-020_Abdeshof_06052022_148\" data-e-action-hash=\"#elementor-action%3Aaction%3Dlightbox%26settings%3DeyJpZCI6MjA3OCwidXJsIjoiaHR0cHM6XC9cL2FiZGVzaG9mLmJlXC93cC1jb250ZW50XC91cGxvYWRzXC8yMDI1XC8wNFwvMjItMDIwX0FiZGVzaG9mXzA2MDUyMDIyXzE0OC53ZWJwIiwic2xpZGVzaG93IjoiMDcyYTc0NyJ9\">\n\t\t\t\t\t<div class=\"e-gallery-image elementor-gallery-item__image\" data-thumbnail=\"https:\/\/abdeshof.be\/wp-content\/uploads\/2025\/04\/22-020_Abdeshof_06052022_148-200x300.webp\" data-width=\"200\" data-height=\"300\" aria-label=\"\" role=\"img\" ><\/div>\n\t\t\t\t\t\t\t\t\t\t\t<div class=\"elementor-gallery-item__overlay\"><\/div>\n\t\t\t\t\t\t\t\t\t\t\t\t\t\t<\/a>\n\t\t\t\t\t\t\t<a class=\"e-gallery-item elementor-gallery-item elementor-animated-content\" href=\"https:\/\/abdeshof.be\/wp-content\/uploads\/2025\/04\/22-020_Abdeshof_06052022_151.webp\" data-elementor-open-lightbox=\"yes\" data-elementor-lightbox-slideshow=\"072a747\" data-elementor-lightbox-title=\"22-020_Abdeshof_06052022_151\" data-e-action-hash=\"#elementor-action%3Aaction%3Dlightbox%26settings%3DeyJpZCI6MjA3OSwidXJsIjoiaHR0cHM6XC9cL2FiZGVzaG9mLmJlXC93cC1jb250ZW50XC91cGxvYWRzXC8yMDI1XC8wNFwvMjItMDIwX0FiZGVzaG9mXzA2MDUyMDIyXzE1MS53ZWJwIiwic2xpZGVzaG93IjoiMDcyYTc0NyJ9\">\n\t\t\t\t\t<div class=\"e-gallery-image elementor-gallery-item__image\" data-thumbnail=\"https:\/\/abdeshof.be\/wp-content\/uploads\/2025\/04\/22-020_Abdeshof_06052022_151-300x200.webp\" data-width=\"300\" data-height=\"200\" aria-label=\"\" role=\"img\" ><\/div>\n\t\t\t\t\t\t\t\t\t\t\t<div class=\"elementor-gallery-item__overlay\"><\/div>\n\t\t\t\t\t\t\t\t\t\t\t\t\t\t<\/a>\n\t\t\t\t\t\t\t<a class=\"e-gallery-item elementor-gallery-item elementor-animated-content\" href=\"https:\/\/abdeshof.be\/wp-content\/uploads\/2025\/04\/22-020_Abdeshof_06052022_153.webp\" data-elementor-open-lightbox=\"yes\" data-elementor-lightbox-slideshow=\"072a747\" data-elementor-lightbox-title=\"22-020_Abdeshof_06052022_153\" data-e-action-hash=\"#elementor-action%3Aaction%3Dlightbox%26settings%3DeyJpZCI6MjA4MCwidXJsIjoiaHR0cHM6XC9cL2FiZGVzaG9mLmJlXC93cC1jb250ZW50XC91cGxvYWRzXC8yMDI1XC8wNFwvMjItMDIwX0FiZGVzaG9mXzA2MDUyMDIyXzE1My53ZWJwIiwic2xpZGVzaG93IjoiMDcyYTc0NyJ9\">\n\t\t\t\t\t<div class=\"e-gallery-image elementor-gallery-item__image\" data-thumbnail=\"https:\/\/abdeshof.be\/wp-content\/uploads\/2025\/04\/22-020_Abdeshof_06052022_153-300x200.webp\" data-width=\"300\" data-height=\"200\" aria-label=\"\" role=\"img\" ><\/div>\n\t\t\t\t\t\t\t\t\t\t\t<div class=\"elementor-gallery-item__overlay\"><\/div>\n\t\t\t\t\t\t\t\t\t\t\t\t\t\t<\/a>\n\t\t\t\t\t\t\t<a class=\"e-gallery-item elementor-gallery-item elementor-animated-content\" href=\"https:\/\/abdeshof.be\/wp-content\/uploads\/2025\/04\/22-020_Abdeshof_06052022_167.webp\" data-elementor-open-lightbox=\"yes\" data-elementor-lightbox-slideshow=\"072a747\" data-elementor-lightbox-title=\"22-020_Abdeshof_06052022_167\" data-e-action-hash=\"#elementor-action%3Aaction%3Dlightbox%26settings%3DeyJpZCI6MjA4MSwidXJsIjoiaHR0cHM6XC9cL2FiZGVzaG9mLmJlXC93cC1jb250ZW50XC91cGxvYWRzXC8yMDI1XC8wNFwvMjItMDIwX0FiZGVzaG9mXzA2MDUyMDIyXzE2Ny53ZWJwIiwic2xpZGVzaG93IjoiMDcyYTc0NyJ9\">\n\t\t\t\t\t<div class=\"e-gallery-image elementor-gallery-item__image\" data-thumbnail=\"https:\/\/abdeshof.be\/wp-content\/uploads\/2025\/04\/22-020_Abdeshof_06052022_167-300x200.webp\" data-width=\"300\" data-height=\"200\" aria-label=\"\" role=\"img\" ><\/div>\n\t\t\t\t\t\t\t\t\t\t\t<div class=\"elementor-gallery-item__overlay\"><\/div>\n\t\t\t\t\t\t\t\t\t\t\t\t\t\t<\/a>\n\t\t\t\t\t\t\t<a class=\"e-gallery-item elementor-gallery-item elementor-animated-content\" href=\"https:\/\/abdeshof.be\/wp-content\/uploads\/2025\/04\/22-020_Abdeshof_06052022_183-1.webp\" data-elementor-open-lightbox=\"yes\" data-elementor-lightbox-slideshow=\"072a747\" data-elementor-lightbox-title=\"22-020_Abdeshof_06052022_183 (1)\" data-e-action-hash=\"#elementor-action%3Aaction%3Dlightbox%26settings%3DeyJpZCI6MjA4MiwidXJsIjoiaHR0cHM6XC9cL2FiZGVzaG9mLmJlXC93cC1jb250ZW50XC91cGxvYWRzXC8yMDI1XC8wNFwvMjItMDIwX0FiZGVzaG9mXzA2MDUyMDIyXzE4My0xLndlYnAiLCJzbGlkZXNob3ciOiIwNzJhNzQ3In0%3D\">\n\t\t\t\t\t<div class=\"e-gallery-image elementor-gallery-item__image\" data-thumbnail=\"https:\/\/abdeshof.be\/wp-content\/uploads\/2025\/04\/22-020_Abdeshof_06052022_183-1-300x200.webp\" data-width=\"300\" data-height=\"200\" aria-label=\"\" role=\"img\" ><\/div>\n\t\t\t\t\t\t\t\t\t\t\t<div class=\"elementor-gallery-item__overlay\"><\/div>\n\t\t\t\t\t\t\t\t\t\t\t\t\t\t<\/a>\n\t\t\t\t\t\t\t<a class=\"e-gallery-item elementor-gallery-item elementor-animated-content\" href=\"https:\/\/abdeshof.be\/wp-content\/uploads\/2025\/04\/22-020_Abdeshof_06052022_186.webp\" data-elementor-open-lightbox=\"yes\" data-elementor-lightbox-slideshow=\"072a747\" data-elementor-lightbox-title=\"22-020_Abdeshof_06052022_186\" data-e-action-hash=\"#elementor-action%3Aaction%3Dlightbox%26settings%3DeyJpZCI6MjA4MywidXJsIjoiaHR0cHM6XC9cL2FiZGVzaG9mLmJlXC93cC1jb250ZW50XC91cGxvYWRzXC8yMDI1XC8wNFwvMjItMDIwX0FiZGVzaG9mXzA2MDUyMDIyXzE4Ni53ZWJwIiwic2xpZGVzaG93IjoiMDcyYTc0NyJ9\">\n\t\t\t\t\t<div class=\"e-gallery-image elementor-gallery-item__image\" data-thumbnail=\"https:\/\/abdeshof.be\/wp-content\/uploads\/2025\/04\/22-020_Abdeshof_06052022_186-300x200.webp\" data-width=\"300\" data-height=\"200\" aria-label=\"\" role=\"img\" ><\/div>\n\t\t\t\t\t\t\t\t\t\t\t<div class=\"elementor-gallery-item__overlay\"><\/div>\n\t\t\t\t\t\t\t\t\t\t\t\t\t\t<\/a>\n\t\t\t\t\t\t\t<a class=\"e-gallery-item elementor-gallery-item elementor-animated-content\" href=\"https:\/\/abdeshof.be\/wp-content\/uploads\/2025\/04\/22-020_Abdeshof_06052022_187.webp\" data-elementor-open-lightbox=\"yes\" data-elementor-lightbox-slideshow=\"072a747\" data-elementor-lightbox-title=\"22-020_Abdeshof_06052022_187\" data-e-action-hash=\"#elementor-action%3Aaction%3Dlightbox%26settings%3DeyJpZCI6MjA4NCwidXJsIjoiaHR0cHM6XC9cL2FiZGVzaG9mLmJlXC93cC1jb250ZW50XC91cGxvYWRzXC8yMDI1XC8wNFwvMjItMDIwX0FiZGVzaG9mXzA2MDUyMDIyXzE4Ny53ZWJwIiwic2xpZGVzaG93IjoiMDcyYTc0NyJ9\">\n\t\t\t\t\t<div class=\"e-gallery-image elementor-gallery-item__image\" data-thumbnail=\"https:\/\/abdeshof.be\/wp-content\/uploads\/2025\/04\/22-020_Abdeshof_06052022_187-200x300.webp\" data-width=\"200\" data-height=\"300\" aria-label=\"\" role=\"img\" ><\/div>\n\t\t\t\t\t\t\t\t\t\t\t<div class=\"elementor-gallery-item__overlay\"><\/div>\n\t\t\t\t\t\t\t\t\t\t\t\t\t\t<\/a>\n\t\t\t\t\t\t\t<a class=\"e-gallery-item elementor-gallery-item elementor-animated-content\" href=\"https:\/\/abdeshof.be\/wp-content\/uploads\/2025\/04\/22-020_Abdeshof_06052022_195.webp\" data-elementor-open-lightbox=\"yes\" data-elementor-lightbox-slideshow=\"072a747\" data-elementor-lightbox-title=\"22-020_Abdeshof_06052022_195\" data-e-action-hash=\"#elementor-action%3Aaction%3Dlightbox%26settings%3DeyJpZCI6MjA4NSwidXJsIjoiaHR0cHM6XC9cL2FiZGVzaG9mLmJlXC93cC1jb250ZW50XC91cGxvYWRzXC8yMDI1XC8wNFwvMjItMDIwX0FiZGVzaG9mXzA2MDUyMDIyXzE5NS53ZWJwIiwic2xpZGVzaG93IjoiMDcyYTc0NyJ9\">\n\t\t\t\t\t<div class=\"e-gallery-image elementor-gallery-item__image\" data-thumbnail=\"https:\/\/abdeshof.be\/wp-content\/uploads\/2025\/04\/22-020_Abdeshof_06052022_195-300x200.webp\" data-width=\"300\" data-height=\"200\" aria-label=\"\" role=\"img\" ><\/div>\n\t\t\t\t\t\t\t\t\t\t\t<div class=\"elementor-gallery-item__overlay\"><\/div>\n\t\t\t\t\t\t\t\t\t\t\t\t\t\t<\/a>\n\t\t\t\t\t\t\t<a class=\"e-gallery-item elementor-gallery-item elementor-animated-content\" href=\"https:\/\/abdeshof.be\/wp-content\/uploads\/2025\/04\/22-020_Abdeshof_06052022_209.webp\" data-elementor-open-lightbox=\"yes\" data-elementor-lightbox-slideshow=\"072a747\" data-elementor-lightbox-title=\"22-020_Abdeshof_06052022_209\" data-e-action-hash=\"#elementor-action%3Aaction%3Dlightbox%26settings%3DeyJpZCI6MjA4NiwidXJsIjoiaHR0cHM6XC9cL2FiZGVzaG9mLmJlXC93cC1jb250ZW50XC91cGxvYWRzXC8yMDI1XC8wNFwvMjItMDIwX0FiZGVzaG9mXzA2MDUyMDIyXzIwOS53ZWJwIiwic2xpZGVzaG93IjoiMDcyYTc0NyJ9\">\n\t\t\t\t\t<div class=\"e-gallery-image elementor-gallery-item__image\" data-thumbnail=\"https:\/\/abdeshof.be\/wp-content\/uploads\/2025\/04\/22-020_Abdeshof_06052022_209-300x200.webp\" data-width=\"300\" data-height=\"200\" aria-label=\"\" role=\"img\" ><\/div>\n\t\t\t\t\t\t\t\t\t\t\t<div class=\"elementor-gallery-item__overlay\"><\/div>\n\t\t\t\t\t\t\t\t\t\t\t\t\t\t<\/a>\n\t\t\t\t\t\t\t<a class=\"e-gallery-item elementor-gallery-item elementor-animated-content\" href=\"https:\/\/abdeshof.be\/wp-content\/uploads\/2025\/04\/22-020_Abdeshof_06052022_224.webp\" data-elementor-open-lightbox=\"yes\" data-elementor-lightbox-slideshow=\"072a747\" data-elementor-lightbox-title=\"22-020_Abdeshof_06052022_224\" data-e-action-hash=\"#elementor-action%3Aaction%3Dlightbox%26settings%3DeyJpZCI6MjA4NywidXJsIjoiaHR0cHM6XC9cL2FiZGVzaG9mLmJlXC93cC1jb250ZW50XC91cGxvYWRzXC8yMDI1XC8wNFwvMjItMDIwX0FiZGVzaG9mXzA2MDUyMDIyXzIyNC53ZWJwIiwic2xpZGVzaG93IjoiMDcyYTc0NyJ9\">\n\t\t\t\t\t<div class=\"e-gallery-image elementor-gallery-item__image\" data-thumbnail=\"https:\/\/abdeshof.be\/wp-content\/uploads\/2025\/04\/22-020_Abdeshof_06052022_224-300x200.webp\" data-width=\"300\" data-height=\"200\" aria-label=\"\" role=\"img\" ><\/div>\n\t\t\t\t\t\t\t\t\t\t\t<div class=\"elementor-gallery-item__overlay\"><\/div>\n\t\t\t\t\t\t\t\t\t\t\t\t\t\t<\/a>\n\t\t\t\t\t\t\t<a class=\"e-gallery-item elementor-gallery-item elementor-animated-content\" href=\"https:\/\/abdeshof.be\/wp-content\/uploads\/2025\/04\/22-020_Abdeshof_06052022_225.webp\" data-elementor-open-lightbox=\"yes\" data-elementor-lightbox-slideshow=\"072a747\" data-elementor-lightbox-title=\"22-020_Abdeshof_06052022_225\" data-e-action-hash=\"#elementor-action%3Aaction%3Dlightbox%26settings%3DeyJpZCI6MjA4OCwidXJsIjoiaHR0cHM6XC9cL2FiZGVzaG9mLmJlXC93cC1jb250ZW50XC91cGxvYWRzXC8yMDI1XC8wNFwvMjItMDIwX0FiZGVzaG9mXzA2MDUyMDIyXzIyNS53ZWJwIiwic2xpZGVzaG93IjoiMDcyYTc0NyJ9\">\n\t\t\t\t\t<div class=\"e-gallery-image elementor-gallery-item__image\" data-thumbnail=\"https:\/\/abdeshof.be\/wp-content\/uploads\/2025\/04\/22-020_Abdeshof_06052022_225-300x200.webp\" data-width=\"300\" data-height=\"200\" aria-label=\"\" role=\"img\" ><\/div>\n\t\t\t\t\t\t\t\t\t\t\t<div class=\"elementor-gallery-item__overlay\"><\/div>\n\t\t\t\t\t\t\t\t\t\t\t\t\t\t<\/a>\n\t\t\t\t\t\t\t<a class=\"e-gallery-item elementor-gallery-item elementor-animated-content\" href=\"https:\/\/abdeshof.be\/wp-content\/uploads\/2025\/04\/21-032_Weekendje_Copains_Middelkerke_11-13062021_2.webp\" data-elementor-open-lightbox=\"yes\" data-elementor-lightbox-slideshow=\"072a747\" data-elementor-lightbox-title=\"21-032_Weekendje_Copains_Middelkerke_11-13062021_2\" data-e-action-hash=\"#elementor-action%3Aaction%3Dlightbox%26settings%3DeyJpZCI6MjA4OSwidXJsIjoiaHR0cHM6XC9cL2FiZGVzaG9mLmJlXC93cC1jb250ZW50XC91cGxvYWRzXC8yMDI1XC8wNFwvMjEtMDMyX1dlZWtlbmRqZV9Db3BhaW5zX01pZGRlbGtlcmtlXzExLTEzMDYyMDIxXzIud2VicCIsInNsaWRlc2hvdyI6IjA3MmE3NDcifQ%3D%3D\">\n\t\t\t\t\t<div class=\"e-gallery-image elementor-gallery-item__image\" data-thumbnail=\"https:\/\/abdeshof.be\/wp-content\/uploads\/2025\/04\/21-032_Weekendje_Copains_Middelkerke_11-13062021_2-300x200.webp\" data-width=\"300\" data-height=\"200\" aria-label=\"\" role=\"img\" ><\/div>\n\t\t\t\t\t\t\t\t\t\t\t<div class=\"elementor-gallery-item__overlay\"><\/div>\n\t\t\t\t\t\t\t\t\t\t\t\t\t\t<\/a>\n\t\t\t\t\t\t\t<a class=\"e-gallery-item elementor-gallery-item elementor-animated-content\" href=\"https:\/\/abdeshof.be\/wp-content\/uploads\/2025\/04\/21-032_Weekendje_Copains_Middelkerke_11-13062021_7.webp\" data-elementor-open-lightbox=\"yes\" data-elementor-lightbox-slideshow=\"072a747\" data-elementor-lightbox-title=\"21-032_Weekendje_Copains_Middelkerke_11-13062021_7\" data-e-action-hash=\"#elementor-action%3Aaction%3Dlightbox%26settings%3DeyJpZCI6MjA5MCwidXJsIjoiaHR0cHM6XC9cL2FiZGVzaG9mLmJlXC93cC1jb250ZW50XC91cGxvYWRzXC8yMDI1XC8wNFwvMjEtMDMyX1dlZWtlbmRqZV9Db3BhaW5zX01pZGRlbGtlcmtlXzExLTEzMDYyMDIxXzcud2VicCIsInNsaWRlc2hvdyI6IjA3MmE3NDcifQ%3D%3D\">\n\t\t\t\t\t<div class=\"e-gallery-image elementor-gallery-item__image\" data-thumbnail=\"https:\/\/abdeshof.be\/wp-content\/uploads\/2025\/04\/21-032_Weekendje_Copains_Middelkerke_11-13062021_7-300x200.webp\" data-width=\"300\" data-height=\"200\" aria-label=\"\" role=\"img\" ><\/div>\n\t\t\t\t\t\t\t\t\t\t\t<div class=\"elementor-gallery-item__overlay\"><\/div>\n\t\t\t\t\t\t\t\t\t\t\t\t\t\t<\/a>\n\t\t\t\t\t\t\t<a class=\"e-gallery-item elementor-gallery-item elementor-animated-content\" href=\"https:\/\/abdeshof.be\/wp-content\/uploads\/2025\/04\/21-032_Weekendje_Copains_Middelkerke_11-13062021_11.webp\" data-elementor-open-lightbox=\"yes\" data-elementor-lightbox-slideshow=\"072a747\" data-elementor-lightbox-title=\"21-032_Weekendje_Copains_Middelkerke_11-13062021_11\" data-e-action-hash=\"#elementor-action%3Aaction%3Dlightbox%26settings%3DeyJpZCI6MjA5MSwidXJsIjoiaHR0cHM6XC9cL2FiZGVzaG9mLmJlXC93cC1jb250ZW50XC91cGxvYWRzXC8yMDI1XC8wNFwvMjEtMDMyX1dlZWtlbmRqZV9Db3BhaW5zX01pZGRlbGtlcmtlXzExLTEzMDYyMDIxXzExLndlYnAiLCJzbGlkZXNob3ciOiIwNzJhNzQ3In0%3D\">\n\t\t\t\t\t<div class=\"e-gallery-image elementor-gallery-item__image\" data-thumbnail=\"https:\/\/abdeshof.be\/wp-content\/uploads\/2025\/04\/21-032_Weekendje_Copains_Middelkerke_11-13062021_11-300x200.webp\" data-width=\"300\" data-height=\"200\" aria-label=\"\" role=\"img\" ><\/div>\n\t\t\t\t\t\t\t\t\t\t\t<div class=\"elementor-gallery-item__overlay\"><\/div>\n\t\t\t\t\t\t\t\t\t\t\t\t\t\t<\/a>\n\t\t\t\t\t\t\t<a class=\"e-gallery-item elementor-gallery-item elementor-animated-content\" href=\"https:\/\/abdeshof.be\/wp-content\/uploads\/2025\/04\/21-032_Weekendje_Copains_Middelkerke_11-13062021_54.webp\" data-elementor-open-lightbox=\"yes\" data-elementor-lightbox-slideshow=\"072a747\" data-elementor-lightbox-title=\"21-032_Weekendje_Copains_Middelkerke_11-13062021_54\" data-e-action-hash=\"#elementor-action%3Aaction%3Dlightbox%26settings%3DeyJpZCI6MjA5MiwidXJsIjoiaHR0cHM6XC9cL2FiZGVzaG9mLmJlXC93cC1jb250ZW50XC91cGxvYWRzXC8yMDI1XC8wNFwvMjEtMDMyX1dlZWtlbmRqZV9Db3BhaW5zX01pZGRlbGtlcmtlXzExLTEzMDYyMDIxXzU0LndlYnAiLCJzbGlkZXNob3ciOiIwNzJhNzQ3In0%3D\">\n\t\t\t\t\t<div class=\"e-gallery-image elementor-gallery-item__image\" data-thumbnail=\"https:\/\/abdeshof.be\/wp-content\/uploads\/2025\/04\/21-032_Weekendje_Copains_Middelkerke_11-13062021_54-300x200.webp\" data-width=\"300\" data-height=\"200\" aria-label=\"\" role=\"img\" ><\/div>\n\t\t\t\t\t\t\t\t\t\t\t<div class=\"elementor-gallery-item__overlay\"><\/div>\n\t\t\t\t\t\t\t\t\t\t\t\t\t\t<\/a>\n\t\t\t\t\t\t\t<a class=\"e-gallery-item elementor-gallery-item elementor-animated-content\" href=\"https:\/\/abdeshof.be\/wp-content\/uploads\/2025\/04\/21-032_Weekendje_Copains_Middelkerke_11-13062021_62.webp\" data-elementor-open-lightbox=\"yes\" data-elementor-lightbox-slideshow=\"072a747\" data-elementor-lightbox-title=\"21-032_Weekendje_Copains_Middelkerke_11-13062021_62\" data-e-action-hash=\"#elementor-action%3Aaction%3Dlightbox%26settings%3DeyJpZCI6MjA5MywidXJsIjoiaHR0cHM6XC9cL2FiZGVzaG9mLmJlXC93cC1jb250ZW50XC91cGxvYWRzXC8yMDI1XC8wNFwvMjEtMDMyX1dlZWtlbmRqZV9Db3BhaW5zX01pZGRlbGtlcmtlXzExLTEzMDYyMDIxXzYyLndlYnAiLCJzbGlkZXNob3ciOiIwNzJhNzQ3In0%3D\">\n\t\t\t\t\t<div class=\"e-gallery-image elementor-gallery-item__image\" data-thumbnail=\"https:\/\/abdeshof.be\/wp-content\/uploads\/2025\/04\/21-032_Weekendje_Copains_Middelkerke_11-13062021_62-300x200.webp\" data-width=\"300\" data-height=\"200\" aria-label=\"\" role=\"img\" ><\/div>\n\t\t\t\t\t\t\t\t\t\t\t<div class=\"elementor-gallery-item__overlay\"><\/div>\n\t\t\t\t\t\t\t\t\t\t\t\t\t\t<\/a>\n\t\t\t\t\t\t\t<a class=\"e-gallery-item elementor-gallery-item elementor-animated-content\" href=\"https:\/\/abdeshof.be\/wp-content\/uploads\/2025\/04\/22-020_Abdeshof_06052022_21.webp\" data-elementor-open-lightbox=\"yes\" data-elementor-lightbox-slideshow=\"072a747\" data-elementor-lightbox-title=\"22-020_Abdeshof_06052022_21\" data-e-action-hash=\"#elementor-action%3Aaction%3Dlightbox%26settings%3DeyJpZCI6MjA5NCwidXJsIjoiaHR0cHM6XC9cL2FiZGVzaG9mLmJlXC93cC1jb250ZW50XC91cGxvYWRzXC8yMDI1XC8wNFwvMjItMDIwX0FiZGVzaG9mXzA2MDUyMDIyXzIxLndlYnAiLCJzbGlkZXNob3ciOiIwNzJhNzQ3In0%3D\">\n\t\t\t\t\t<div class=\"e-gallery-image elementor-gallery-item__image\" data-thumbnail=\"https:\/\/abdeshof.be\/wp-content\/uploads\/2025\/04\/22-020_Abdeshof_06052022_21-200x300.webp\" data-width=\"200\" data-height=\"300\" aria-label=\"\" role=\"img\" ><\/div>\n\t\t\t\t\t\t\t\t\t\t\t<div class=\"elementor-gallery-item__overlay\"><\/div>\n\t\t\t\t\t\t\t\t\t\t\t\t\t\t<\/a>\n\t\t\t\t\t\t\t<a class=\"e-gallery-item elementor-gallery-item elementor-animated-content\" href=\"https:\/\/abdeshof.be\/wp-content\/uploads\/2025\/04\/22-020_Abdeshof_06052022_27.webp\" data-elementor-open-lightbox=\"yes\" data-elementor-lightbox-slideshow=\"072a747\" data-elementor-lightbox-title=\"22-020_Abdeshof_06052022_27\" data-e-action-hash=\"#elementor-action%3Aaction%3Dlightbox%26settings%3DeyJpZCI6MjA5NSwidXJsIjoiaHR0cHM6XC9cL2FiZGVzaG9mLmJlXC93cC1jb250ZW50XC91cGxvYWRzXC8yMDI1XC8wNFwvMjItMDIwX0FiZGVzaG9mXzA2MDUyMDIyXzI3LndlYnAiLCJzbGlkZXNob3ciOiIwNzJhNzQ3In0%3D\">\n\t\t\t\t\t<div class=\"e-gallery-image elementor-gallery-item__image\" data-thumbnail=\"https:\/\/abdeshof.be\/wp-content\/uploads\/2025\/04\/22-020_Abdeshof_06052022_27-200x300.webp\" data-width=\"200\" data-height=\"300\" aria-label=\"\" role=\"img\" ><\/div>\n\t\t\t\t\t\t\t\t\t\t\t<div class=\"elementor-gallery-item__overlay\"><\/div>\n\t\t\t\t\t\t\t\t\t\t\t\t\t\t<\/a>\n\t\t\t\t\t\t\t<a class=\"e-gallery-item elementor-gallery-item elementor-animated-content\" href=\"https:\/\/abdeshof.be\/wp-content\/uploads\/2025\/04\/22-020_Abdeshof_06052022_31.webp\" data-elementor-open-lightbox=\"yes\" data-elementor-lightbox-slideshow=\"072a747\" data-elementor-lightbox-title=\"22-020_Abdeshof_06052022_31\" data-e-action-hash=\"#elementor-action%3Aaction%3Dlightbox%26settings%3DeyJpZCI6MjA5NiwidXJsIjoiaHR0cHM6XC9cL2FiZGVzaG9mLmJlXC93cC1jb250ZW50XC91cGxvYWRzXC8yMDI1XC8wNFwvMjItMDIwX0FiZGVzaG9mXzA2MDUyMDIyXzMxLndlYnAiLCJzbGlkZXNob3ciOiIwNzJhNzQ3In0%3D\">\n\t\t\t\t\t<div class=\"e-gallery-image elementor-gallery-item__image\" data-thumbnail=\"https:\/\/abdeshof.be\/wp-content\/uploads\/2025\/04\/22-020_Abdeshof_06052022_31-200x300.webp\" data-width=\"200\" data-height=\"300\" aria-label=\"\" role=\"img\" ><\/div>\n\t\t\t\t\t\t\t\t\t\t\t<div class=\"elementor-gallery-item__overlay\"><\/div>\n\t\t\t\t\t\t\t\t\t\t\t\t\t\t<\/a>\n\t\t\t\t\t\t\t<a class=\"e-gallery-item elementor-gallery-item elementor-animated-content\" href=\"https:\/\/abdeshof.be\/wp-content\/uploads\/2025\/04\/22-020_Abdeshof_06052022_53.webp\" data-elementor-open-lightbox=\"yes\" data-elementor-lightbox-slideshow=\"072a747\" data-elementor-lightbox-title=\"22-020_Abdeshof_06052022_53\" data-e-action-hash=\"#elementor-action%3Aaction%3Dlightbox%26settings%3DeyJpZCI6MjA5NywidXJsIjoiaHR0cHM6XC9cL2FiZGVzaG9mLmJlXC93cC1jb250ZW50XC91cGxvYWRzXC8yMDI1XC8wNFwvMjItMDIwX0FiZGVzaG9mXzA2MDUyMDIyXzUzLndlYnAiLCJzbGlkZXNob3ciOiIwNzJhNzQ3In0%3D\">\n\t\t\t\t\t<div class=\"e-gallery-image elementor-gallery-item__image\" data-thumbnail=\"https:\/\/abdeshof.be\/wp-content\/uploads\/2025\/04\/22-020_Abdeshof_06052022_53-200x300.webp\" data-width=\"200\" data-height=\"300\" aria-label=\"\" role=\"img\" ><\/div>\n\t\t\t\t\t\t\t\t\t\t\t<div class=\"elementor-gallery-item__overlay\"><\/div>\n\t\t\t\t\t\t\t\t\t\t\t\t\t\t<\/a>\n\t\t\t\t\t\t\t<a class=\"e-gallery-item elementor-gallery-item elementor-animated-content\" href=\"https:\/\/abdeshof.be\/wp-content\/uploads\/2025\/04\/22-020_Abdeshof_06052022_58.webp\" data-elementor-open-lightbox=\"yes\" data-elementor-lightbox-slideshow=\"072a747\" data-elementor-lightbox-title=\"22-020_Abdeshof_06052022_58\" data-e-action-hash=\"#elementor-action%3Aaction%3Dlightbox%26settings%3DeyJpZCI6MjA5OCwidXJsIjoiaHR0cHM6XC9cL2FiZGVzaG9mLmJlXC93cC1jb250ZW50XC91cGxvYWRzXC8yMDI1XC8wNFwvMjItMDIwX0FiZGVzaG9mXzA2MDUyMDIyXzU4LndlYnAiLCJzbGlkZXNob3ciOiIwNzJhNzQ3In0%3D\">\n\t\t\t\t\t<div class=\"e-gallery-image elementor-gallery-item__image\" data-thumbnail=\"https:\/\/abdeshof.be\/wp-content\/uploads\/2025\/04\/22-020_Abdeshof_06052022_58-200x300.webp\" data-width=\"200\" data-height=\"300\" aria-label=\"\" role=\"img\" ><\/div>\n\t\t\t\t\t\t\t\t\t\t\t<div class=\"elementor-gallery-item__overlay\"><\/div>\n\t\t\t\t\t\t\t\t\t\t\t\t\t\t<\/a>\n\t\t\t\t\t\t\t<a class=\"e-gallery-item elementor-gallery-item elementor-animated-content\" href=\"https:\/\/abdeshof.be\/wp-content\/uploads\/2025\/04\/22-020_Abdeshof_06052022_62.webp\" data-elementor-open-lightbox=\"yes\" data-elementor-lightbox-slideshow=\"072a747\" data-elementor-lightbox-title=\"22-020_Abdeshof_06052022_62\" data-e-action-hash=\"#elementor-action%3Aaction%3Dlightbox%26settings%3DeyJpZCI6MjA5OSwidXJsIjoiaHR0cHM6XC9cL2FiZGVzaG9mLmJlXC93cC1jb250ZW50XC91cGxvYWRzXC8yMDI1XC8wNFwvMjItMDIwX0FiZGVzaG9mXzA2MDUyMDIyXzYyLndlYnAiLCJzbGlkZXNob3ciOiIwNzJhNzQ3In0%3D\">\n\t\t\t\t\t<div class=\"e-gallery-image elementor-gallery-item__image\" data-thumbnail=\"https:\/\/abdeshof.be\/wp-content\/uploads\/2025\/04\/22-020_Abdeshof_06052022_62-200x300.webp\" data-width=\"200\" data-height=\"300\" aria-label=\"\" role=\"img\" ><\/div>\n\t\t\t\t\t\t\t\t\t\t\t<div class=\"elementor-gallery-item__overlay\"><\/div>\n\t\t\t\t\t\t\t\t\t\t\t\t\t\t<\/a>\n\t\t\t\t\t\t\t<a class=\"e-gallery-item elementor-gallery-item elementor-animated-content\" href=\"https:\/\/abdeshof.be\/wp-content\/uploads\/2025\/04\/22-020_Abdeshof_06052022_70-1.webp\" data-elementor-open-lightbox=\"yes\" data-elementor-lightbox-slideshow=\"072a747\" data-elementor-lightbox-title=\"22-020_Abdeshof_06052022_70-1\" data-e-action-hash=\"#elementor-action%3Aaction%3Dlightbox%26settings%3DeyJpZCI6MjEwMCwidXJsIjoiaHR0cHM6XC9cL2FiZGVzaG9mLmJlXC93cC1jb250ZW50XC91cGxvYWRzXC8yMDI1XC8wNFwvMjItMDIwX0FiZGVzaG9mXzA2MDUyMDIyXzcwLTEud2VicCIsInNsaWRlc2hvdyI6IjA3MmE3NDcifQ%3D%3D\">\n\t\t\t\t\t<div class=\"e-gallery-image elementor-gallery-item__image\" data-thumbnail=\"https:\/\/abdeshof.be\/wp-content\/uploads\/2025\/04\/22-020_Abdeshof_06052022_70-1-300x200.webp\" data-width=\"300\" data-height=\"200\" aria-label=\"\" role=\"img\" ><\/div>\n\t\t\t\t\t\t\t\t\t\t\t<div class=\"elementor-gallery-item__overlay\"><\/div>\n\t\t\t\t\t\t\t\t\t\t\t\t\t\t<\/a>\n\t\t\t\t\t\t\t<a class=\"e-gallery-item elementor-gallery-item elementor-animated-content\" href=\"https:\/\/abdeshof.be\/wp-content\/uploads\/2025\/04\/22-020_Abdeshof_06052022_73.webp\" data-elementor-open-lightbox=\"yes\" data-elementor-lightbox-slideshow=\"072a747\" data-elementor-lightbox-title=\"22-020_Abdeshof_06052022_73\" data-e-action-hash=\"#elementor-action%3Aaction%3Dlightbox%26settings%3DeyJpZCI6MjEwMSwidXJsIjoiaHR0cHM6XC9cL2FiZGVzaG9mLmJlXC93cC1jb250ZW50XC91cGxvYWRzXC8yMDI1XC8wNFwvMjItMDIwX0FiZGVzaG9mXzA2MDUyMDIyXzczLndlYnAiLCJzbGlkZXNob3ciOiIwNzJhNzQ3In0%3D\">\n\t\t\t\t\t<div class=\"e-gallery-image elementor-gallery-item__image\" data-thumbnail=\"https:\/\/abdeshof.be\/wp-content\/uploads\/2025\/04\/22-020_Abdeshof_06052022_73-300x200.webp\" data-width=\"300\" data-height=\"200\" aria-label=\"\" role=\"img\" ><\/div>\n\t\t\t\t\t\t\t\t\t\t\t<div class=\"elementor-gallery-item__overlay\"><\/div>\n\t\t\t\t\t\t\t\t\t\t\t\t\t\t<\/a>\n\t\t\t\t\t\t\t<a class=\"e-gallery-item elementor-gallery-item elementor-animated-content\" href=\"https:\/\/abdeshof.be\/wp-content\/uploads\/2025\/04\/22-020_Abdeshof_06052022_85.webp\" data-elementor-open-lightbox=\"yes\" data-elementor-lightbox-slideshow=\"072a747\" data-elementor-lightbox-title=\"22-020_Abdeshof_06052022_85\" data-e-action-hash=\"#elementor-action%3Aaction%3Dlightbox%26settings%3DeyJpZCI6MjEwMiwidXJsIjoiaHR0cHM6XC9cL2FiZGVzaG9mLmJlXC93cC1jb250ZW50XC91cGxvYWRzXC8yMDI1XC8wNFwvMjItMDIwX0FiZGVzaG9mXzA2MDUyMDIyXzg1LndlYnAiLCJzbGlkZXNob3ciOiIwNzJhNzQ3In0%3D\">\n\t\t\t\t\t<div class=\"e-gallery-image elementor-gallery-item__image\" data-thumbnail=\"https:\/\/abdeshof.be\/wp-content\/uploads\/2025\/04\/22-020_Abdeshof_06052022_85-300x200.webp\" data-width=\"300\" data-height=\"200\" aria-label=\"\" role=\"img\" ><\/div>\n\t\t\t\t\t\t\t\t\t\t\t<div class=\"elementor-gallery-item__overlay\"><\/div>\n\t\t\t\t\t\t\t\t\t\t\t\t\t\t<\/a>\n\t\t\t\t\t\t\t<a class=\"e-gallery-item elementor-gallery-item elementor-animated-content\" href=\"https:\/\/abdeshof.be\/wp-content\/uploads\/2025\/04\/22-020_Abdeshof_06052022_94.webp\" data-elementor-open-lightbox=\"yes\" data-elementor-lightbox-slideshow=\"072a747\" data-elementor-lightbox-title=\"22-020_Abdeshof_06052022_94\" data-e-action-hash=\"#elementor-action%3Aaction%3Dlightbox%26settings%3DeyJpZCI6MjEwMywidXJsIjoiaHR0cHM6XC9cL2FiZGVzaG9mLmJlXC93cC1jb250ZW50XC91cGxvYWRzXC8yMDI1XC8wNFwvMjItMDIwX0FiZGVzaG9mXzA2MDUyMDIyXzk0LndlYnAiLCJzbGlkZXNob3ciOiIwNzJhNzQ3In0%3D\">\n\t\t\t\t\t<div class=\"e-gallery-image elementor-gallery-item__image\" data-thumbnail=\"https:\/\/abdeshof.be\/wp-content\/uploads\/2025\/04\/22-020_Abdeshof_06052022_94-300x200.webp\" data-width=\"300\" data-height=\"200\" aria-label=\"\" role=\"img\" ><\/div>\n\t\t\t\t\t\t\t\t\t\t\t<div class=\"elementor-gallery-item__overlay\"><\/div>\n\t\t\t\t\t\t\t\t\t\t\t\t\t\t<\/a>\n\t\t\t\t\t\t\t<a class=\"e-gallery-item elementor-gallery-item elementor-animated-content\" href=\"https:\/\/abdeshof.be\/wp-content\/uploads\/2025\/04\/22-020_Abdeshof_06052022_103.webp\" data-elementor-open-lightbox=\"yes\" data-elementor-lightbox-slideshow=\"072a747\" data-elementor-lightbox-title=\"22-020_Abdeshof_06052022_103\" data-e-action-hash=\"#elementor-action%3Aaction%3Dlightbox%26settings%3DeyJpZCI6MjEwNCwidXJsIjoiaHR0cHM6XC9cL2FiZGVzaG9mLmJlXC93cC1jb250ZW50XC91cGxvYWRzXC8yMDI1XC8wNFwvMjItMDIwX0FiZGVzaG9mXzA2MDUyMDIyXzEwMy53ZWJwIiwic2xpZGVzaG93IjoiMDcyYTc0NyJ9\">\n\t\t\t\t\t<div class=\"e-gallery-image elementor-gallery-item__image\" data-thumbnail=\"https:\/\/abdeshof.be\/wp-content\/uploads\/2025\/04\/22-020_Abdeshof_06052022_103-200x300.webp\" data-width=\"200\" data-height=\"300\" aria-label=\"\" role=\"img\" ><\/div>\n\t\t\t\t\t\t\t\t\t\t\t<div class=\"elementor-gallery-item__overlay\"><\/div>\n\t\t\t\t\t\t\t\t\t\t\t\t\t\t<\/a>\n\t\t\t\t\t\t\t<a class=\"e-gallery-item elementor-gallery-item elementor-animated-content\" href=\"https:\/\/abdeshof.be\/wp-content\/uploads\/2025\/04\/22-020_Abdeshof_06052022_113.webp\" data-elementor-open-lightbox=\"yes\" data-elementor-lightbox-slideshow=\"072a747\" data-elementor-lightbox-title=\"22-020_Abdeshof_06052022_113\" data-e-action-hash=\"#elementor-action%3Aaction%3Dlightbox%26settings%3DeyJpZCI6MjEwNSwidXJsIjoiaHR0cHM6XC9cL2FiZGVzaG9mLmJlXC93cC1jb250ZW50XC91cGxvYWRzXC8yMDI1XC8wNFwvMjItMDIwX0FiZGVzaG9mXzA2MDUyMDIyXzExMy53ZWJwIiwic2xpZGVzaG93IjoiMDcyYTc0NyJ9\">\n\t\t\t\t\t<div class=\"e-gallery-image elementor-gallery-item__image\" data-thumbnail=\"https:\/\/abdeshof.be\/wp-content\/uploads\/2025\/04\/22-020_Abdeshof_06052022_113-200x300.webp\" data-width=\"200\" data-height=\"300\" aria-label=\"\" role=\"img\" ><\/div>\n\t\t\t\t\t\t\t\t\t\t\t<div class=\"elementor-gallery-item__overlay\"><\/div>\n\t\t\t\t\t\t\t\t\t\t\t\t\t\t<\/a>\n\t\t\t\t\t\t\t<a class=\"e-gallery-item elementor-gallery-item elementor-animated-content\" href=\"https:\/\/abdeshof.be\/wp-content\/uploads\/2025\/04\/22-020_Abdeshof_06052022_114-1.webp\" data-elementor-open-lightbox=\"yes\" data-elementor-lightbox-slideshow=\"072a747\" data-elementor-lightbox-title=\"22-020_Abdeshof_06052022_114 (1)\" data-e-action-hash=\"#elementor-action%3Aaction%3Dlightbox%26settings%3DeyJpZCI6MjEwNiwidXJsIjoiaHR0cHM6XC9cL2FiZGVzaG9mLmJlXC93cC1jb250ZW50XC91cGxvYWRzXC8yMDI1XC8wNFwvMjItMDIwX0FiZGVzaG9mXzA2MDUyMDIyXzExNC0xLndlYnAiLCJzbGlkZXNob3ciOiIwNzJhNzQ3In0%3D\">\n\t\t\t\t\t<div class=\"e-gallery-image elementor-gallery-item__image\" data-thumbnail=\"https:\/\/abdeshof.be\/wp-content\/uploads\/2025\/04\/22-020_Abdeshof_06052022_114-1-300x200.webp\" data-width=\"300\" data-height=\"200\" aria-label=\"\" role=\"img\" ><\/div>\n\t\t\t\t\t\t\t\t\t\t\t<div class=\"elementor-gallery-item__overlay\"><\/div>\n\t\t\t\t\t\t\t\t\t\t\t\t\t\t<\/a>\n\t\t\t\t\t\t\t<a class=\"e-gallery-item elementor-gallery-item elementor-animated-content\" href=\"https:\/\/abdeshof.be\/wp-content\/uploads\/2025\/04\/22-020_Abdeshof_06052022_124.webp\" data-elementor-open-lightbox=\"yes\" data-elementor-lightbox-slideshow=\"072a747\" data-elementor-lightbox-title=\"22-020_Abdeshof_06052022_124\" data-e-action-hash=\"#elementor-action%3Aaction%3Dlightbox%26settings%3DeyJpZCI6MjEwOCwidXJsIjoiaHR0cHM6XC9cL2FiZGVzaG9mLmJlXC93cC1jb250ZW50XC91cGxvYWRzXC8yMDI1XC8wNFwvMjItMDIwX0FiZGVzaG9mXzA2MDUyMDIyXzEyNC53ZWJwIiwic2xpZGVzaG93IjoiMDcyYTc0NyJ9\">\n\t\t\t\t\t<div class=\"e-gallery-image elementor-gallery-item__image\" data-thumbnail=\"https:\/\/abdeshof.be\/wp-content\/uploads\/2025\/04\/22-020_Abdeshof_06052022_124-200x300.webp\" data-width=\"200\" data-height=\"300\" aria-label=\"\" role=\"img\" ><\/div>\n\t\t\t\t\t\t\t\t\t\t\t<div class=\"elementor-gallery-item__overlay\"><\/div>\n\t\t\t\t\t\t\t\t\t\t\t\t\t\t<\/a>\n\t\t\t\t\t\t\t<a class=\"e-gallery-item elementor-gallery-item elementor-animated-content\" href=\"https:\/\/abdeshof.be\/wp-content\/uploads\/2025\/04\/22-020_Abdeshof_06052022_125.webp\" data-elementor-open-lightbox=\"yes\" data-elementor-lightbox-slideshow=\"072a747\" data-elementor-lightbox-title=\"22-020_Abdeshof_06052022_125\" data-e-action-hash=\"#elementor-action%3Aaction%3Dlightbox%26settings%3DeyJpZCI6MjEwOSwidXJsIjoiaHR0cHM6XC9cL2FiZGVzaG9mLmJlXC93cC1jb250ZW50XC91cGxvYWRzXC8yMDI1XC8wNFwvMjItMDIwX0FiZGVzaG9mXzA2MDUyMDIyXzEyNS53ZWJwIiwic2xpZGVzaG93IjoiMDcyYTc0NyJ9\">\n\t\t\t\t\t<div class=\"e-gallery-image elementor-gallery-item__image\" data-thumbnail=\"https:\/\/abdeshof.be\/wp-content\/uploads\/2025\/04\/22-020_Abdeshof_06052022_125-300x200.webp\" data-width=\"300\" data-height=\"200\" aria-label=\"\" role=\"img\" ><\/div>\n\t\t\t\t\t\t\t\t\t\t\t<div class=\"elementor-gallery-item__overlay\"><\/div>\n\t\t\t\t\t\t\t\t\t\t\t\t\t\t<\/a>\n\t\t\t\t\t\t\t<a class=\"e-gallery-item elementor-gallery-item elementor-animated-content\" href=\"https:\/\/abdeshof.be\/wp-content\/uploads\/2025\/04\/22-020_Abdeshof_06052022_128.webp\" data-elementor-open-lightbox=\"yes\" data-elementor-lightbox-slideshow=\"072a747\" data-elementor-lightbox-title=\"22-020_Abdeshof_06052022_128\" data-e-action-hash=\"#elementor-action%3Aaction%3Dlightbox%26settings%3DeyJpZCI6MjExMCwidXJsIjoiaHR0cHM6XC9cL2FiZGVzaG9mLmJlXC93cC1jb250ZW50XC91cGxvYWRzXC8yMDI1XC8wNFwvMjItMDIwX0FiZGVzaG9mXzA2MDUyMDIyXzEyOC53ZWJwIiwic2xpZGVzaG93IjoiMDcyYTc0NyJ9\">\n\t\t\t\t\t<div class=\"e-gallery-image elementor-gallery-item__image\" data-thumbnail=\"https:\/\/abdeshof.be\/wp-content\/uploads\/2025\/04\/22-020_Abdeshof_06052022_128-300x200.webp\" data-width=\"300\" data-height=\"200\" aria-label=\"\" role=\"img\" ><\/div>\n\t\t\t\t\t\t\t\t\t\t\t<div class=\"elementor-gallery-item__overlay\"><\/div>\n\t\t\t\t\t\t\t\t\t\t\t\t\t\t<\/a>\n\t\t\t\t\t\t\t<a class=\"e-gallery-item elementor-gallery-item elementor-animated-content\" href=\"https:\/\/abdeshof.be\/wp-content\/uploads\/2025\/04\/22-020_Abdeshof_06052022_130.webp\" data-elementor-open-lightbox=\"yes\" data-elementor-lightbox-slideshow=\"072a747\" data-elementor-lightbox-title=\"22-020_Abdeshof_06052022_130\" data-e-action-hash=\"#elementor-action%3Aaction%3Dlightbox%26settings%3DeyJpZCI6MjExMSwidXJsIjoiaHR0cHM6XC9cL2FiZGVzaG9mLmJlXC93cC1jb250ZW50XC91cGxvYWRzXC8yMDI1XC8wNFwvMjItMDIwX0FiZGVzaG9mXzA2MDUyMDIyXzEzMC53ZWJwIiwic2xpZGVzaG93IjoiMDcyYTc0NyJ9\">\n\t\t\t\t\t<div class=\"e-gallery-image elementor-gallery-item__image\" data-thumbnail=\"https:\/\/abdeshof.be\/wp-content\/uploads\/2025\/04\/22-020_Abdeshof_06052022_130-300x200.webp\" data-width=\"300\" data-height=\"200\" aria-label=\"\" role=\"img\" ><\/div>\n\t\t\t\t\t\t\t\t\t\t\t<div class=\"elementor-gallery-item__overlay\"><\/div>\n\t\t\t\t\t\t\t\t\t\t\t\t\t\t<\/a>\n\t\t\t\t\t\t\t<a class=\"e-gallery-item elementor-gallery-item elementor-animated-content\" href=\"https:\/\/abdeshof.be\/wp-content\/uploads\/2025\/04\/22-020_Abdeshof_06052022_132.webp\" data-elementor-open-lightbox=\"yes\" data-elementor-lightbox-slideshow=\"072a747\" data-elementor-lightbox-title=\"22-020_Abdeshof_06052022_132\" data-e-action-hash=\"#elementor-action%3Aaction%3Dlightbox%26settings%3DeyJpZCI6MjExMiwidXJsIjoiaHR0cHM6XC9cL2FiZGVzaG9mLmJlXC93cC1jb250ZW50XC91cGxvYWRzXC8yMDI1XC8wNFwvMjItMDIwX0FiZGVzaG9mXzA2MDUyMDIyXzEzMi53ZWJwIiwic2xpZGVzaG93IjoiMDcyYTc0NyJ9\">\n\t\t\t\t\t<div class=\"e-gallery-image elementor-gallery-item__image\" data-thumbnail=\"https:\/\/abdeshof.be\/wp-content\/uploads\/2025\/04\/22-020_Abdeshof_06052022_132-300x200.webp\" data-width=\"300\" data-height=\"200\" aria-label=\"\" role=\"img\" ><\/div>\n\t\t\t\t\t\t\t\t\t\t\t<div class=\"elementor-gallery-item__overlay\"><\/div>\n\t\t\t\t\t\t\t\t\t\t\t\t\t\t<\/a>\n\t\t\t\t\t\t\t<a class=\"e-gallery-item elementor-gallery-item elementor-animated-content\" href=\"https:\/\/abdeshof.be\/wp-content\/uploads\/2025\/04\/22-020_Abdeshof_06052022_133.webp\" data-elementor-open-lightbox=\"yes\" data-elementor-lightbox-slideshow=\"072a747\" data-elementor-lightbox-title=\"22-020_Abdeshof_06052022_133\" data-e-action-hash=\"#elementor-action%3Aaction%3Dlightbox%26settings%3DeyJpZCI6MjExMywidXJsIjoiaHR0cHM6XC9cL2FiZGVzaG9mLmJlXC93cC1jb250ZW50XC91cGxvYWRzXC8yMDI1XC8wNFwvMjItMDIwX0FiZGVzaG9mXzA2MDUyMDIyXzEzMy53ZWJwIiwic2xpZGVzaG93IjoiMDcyYTc0NyJ9\">\n\t\t\t\t\t<div class=\"e-gallery-image elementor-gallery-item__image\" data-thumbnail=\"https:\/\/abdeshof.be\/wp-content\/uploads\/2025\/04\/22-020_Abdeshof_06052022_133-200x300.webp\" data-width=\"200\" data-height=\"300\" aria-label=\"\" role=\"img\" ><\/div>\n\t\t\t\t\t\t\t\t\t\t\t<div class=\"elementor-gallery-item__overlay\"><\/div>\n\t\t\t\t\t\t\t\t\t\t\t\t\t\t<\/a>\n\t\t\t\t\t\t\t<a class=\"e-gallery-item elementor-gallery-item elementor-animated-content\" href=\"https:\/\/abdeshof.be\/wp-content\/uploads\/2025\/04\/22-020_Abdeshof_06052022_140.webp\" data-elementor-open-lightbox=\"yes\" data-elementor-lightbox-slideshow=\"072a747\" data-elementor-lightbox-title=\"22-020_Abdeshof_06052022_140\" data-e-action-hash=\"#elementor-action%3Aaction%3Dlightbox%26settings%3DeyJpZCI6MjExNCwidXJsIjoiaHR0cHM6XC9cL2FiZGVzaG9mLmJlXC93cC1jb250ZW50XC91cGxvYWRzXC8yMDI1XC8wNFwvMjItMDIwX0FiZGVzaG9mXzA2MDUyMDIyXzE0MC53ZWJwIiwic2xpZGVzaG93IjoiMDcyYTc0NyJ9\">\n\t\t\t\t\t<div class=\"e-gallery-image elementor-gallery-item__image\" data-thumbnail=\"https:\/\/abdeshof.be\/wp-content\/uploads\/2025\/04\/22-020_Abdeshof_06052022_140-200x300.webp\" data-width=\"200\" data-height=\"300\" aria-label=\"\" role=\"img\" ><\/div>\n\t\t\t\t\t\t\t\t\t\t\t<div class=\"elementor-gallery-item__overlay\"><\/div>\n\t\t\t\t\t\t\t\t\t\t\t\t\t\t<\/a>\n\t\t\t\t\t\t\t<a class=\"e-gallery-item elementor-gallery-item elementor-animated-content\" href=\"https:\/\/abdeshof.be\/wp-content\/uploads\/2025\/04\/22-020_Abdeshof_06052022_141.webp\" data-elementor-open-lightbox=\"yes\" data-elementor-lightbox-slideshow=\"072a747\" data-elementor-lightbox-title=\"22-020_Abdeshof_06052022_141\" data-e-action-hash=\"#elementor-action%3Aaction%3Dlightbox%26settings%3DeyJpZCI6MjExNSwidXJsIjoiaHR0cHM6XC9cL2FiZGVzaG9mLmJlXC93cC1jb250ZW50XC91cGxvYWRzXC8yMDI1XC8wNFwvMjItMDIwX0FiZGVzaG9mXzA2MDUyMDIyXzE0MS53ZWJwIiwic2xpZGVzaG93IjoiMDcyYTc0NyJ9\">\n\t\t\t\t\t<div class=\"e-gallery-image elementor-gallery-item__image\" data-thumbnail=\"https:\/\/abdeshof.be\/wp-content\/uploads\/2025\/04\/22-020_Abdeshof_06052022_141-300x200.webp\" data-width=\"300\" data-height=\"200\" aria-label=\"\" role=\"img\" ><\/div>\n\t\t\t\t\t\t\t\t\t\t\t<div class=\"elementor-gallery-item__overlay\"><\/div>\n\t\t\t\t\t\t\t\t\t\t\t\t\t\t<\/a>\n\t\t\t\t\t\t\t<a class=\"e-gallery-item elementor-gallery-item elementor-animated-content\" href=\"https:\/\/abdeshof.be\/wp-content\/uploads\/2025\/04\/22-020_Abdeshof_06052022_143.webp\" data-elementor-open-lightbox=\"yes\" data-elementor-lightbox-slideshow=\"072a747\" data-elementor-lightbox-title=\"22-020_Abdeshof_06052022_143\" data-e-action-hash=\"#elementor-action%3Aaction%3Dlightbox%26settings%3DeyJpZCI6MjExNiwidXJsIjoiaHR0cHM6XC9cL2FiZGVzaG9mLmJlXC93cC1jb250ZW50XC91cGxvYWRzXC8yMDI1XC8wNFwvMjItMDIwX0FiZGVzaG9mXzA2MDUyMDIyXzE0My53ZWJwIiwic2xpZGVzaG93IjoiMDcyYTc0NyJ9\">\n\t\t\t\t\t<div class=\"e-gallery-image elementor-gallery-item__image\" data-thumbnail=\"https:\/\/abdeshof.be\/wp-content\/uploads\/2025\/04\/22-020_Abdeshof_06052022_143-300x200.webp\" data-width=\"300\" data-height=\"200\" aria-label=\"\" role=\"img\" ><\/div>\n\t\t\t\t\t\t\t\t\t\t\t<div class=\"elementor-gallery-item__overlay\"><\/div>\n\t\t\t\t\t\t\t\t\t\t\t\t\t\t<\/a>\n\t\t\t\t\t\t\t<a class=\"e-gallery-item elementor-gallery-item elementor-animated-content\" href=\"https:\/\/abdeshof.be\/wp-content\/uploads\/2025\/04\/22-020_Abdeshof_06052022_154.webp\" data-elementor-open-lightbox=\"yes\" data-elementor-lightbox-slideshow=\"072a747\" data-elementor-lightbox-title=\"22-020_Abdeshof_06052022_154\" data-e-action-hash=\"#elementor-action%3Aaction%3Dlightbox%26settings%3DeyJpZCI6MjExNywidXJsIjoiaHR0cHM6XC9cL2FiZGVzaG9mLmJlXC93cC1jb250ZW50XC91cGxvYWRzXC8yMDI1XC8wNFwvMjItMDIwX0FiZGVzaG9mXzA2MDUyMDIyXzE1NC53ZWJwIiwic2xpZGVzaG93IjoiMDcyYTc0NyJ9\">\n\t\t\t\t\t<div class=\"e-gallery-image elementor-gallery-item__image\" data-thumbnail=\"https:\/\/abdeshof.be\/wp-content\/uploads\/2025\/04\/22-020_Abdeshof_06052022_154-300x200.webp\" data-width=\"300\" data-height=\"200\" aria-label=\"\" role=\"img\" ><\/div>\n\t\t\t\t\t\t\t\t\t\t\t<div class=\"elementor-gallery-item__overlay\"><\/div>\n\t\t\t\t\t\t\t\t\t\t\t\t\t\t<\/a>\n\t\t\t\t\t\t\t<a class=\"e-gallery-item elementor-gallery-item elementor-animated-content\" href=\"https:\/\/abdeshof.be\/wp-content\/uploads\/2025\/04\/22-020_Abdeshof_06052022_157.webp\" data-elementor-open-lightbox=\"yes\" data-elementor-lightbox-slideshow=\"072a747\" data-elementor-lightbox-title=\"22-020_Abdeshof_06052022_157\" data-e-action-hash=\"#elementor-action%3Aaction%3Dlightbox%26settings%3DeyJpZCI6MjExOCwidXJsIjoiaHR0cHM6XC9cL2FiZGVzaG9mLmJlXC93cC1jb250ZW50XC91cGxvYWRzXC8yMDI1XC8wNFwvMjItMDIwX0FiZGVzaG9mXzA2MDUyMDIyXzE1Ny53ZWJwIiwic2xpZGVzaG93IjoiMDcyYTc0NyJ9\">\n\t\t\t\t\t<div class=\"e-gallery-image elementor-gallery-item__image\" data-thumbnail=\"https:\/\/abdeshof.be\/wp-content\/uploads\/2025\/04\/22-020_Abdeshof_06052022_157-200x300.webp\" data-width=\"200\" data-height=\"300\" aria-label=\"\" role=\"img\" ><\/div>\n\t\t\t\t\t\t\t\t\t\t\t<div class=\"elementor-gallery-item__overlay\"><\/div>\n\t\t\t\t\t\t\t\t\t\t\t\t\t\t<\/a>\n\t\t\t\t\t\t\t<a class=\"e-gallery-item elementor-gallery-item elementor-animated-content\" href=\"https:\/\/abdeshof.be\/wp-content\/uploads\/2025\/04\/22-020_Abdeshof_06052022_158.webp\" data-elementor-open-lightbox=\"yes\" data-elementor-lightbox-slideshow=\"072a747\" data-elementor-lightbox-title=\"22-020_Abdeshof_06052022_158\" data-e-action-hash=\"#elementor-action%3Aaction%3Dlightbox%26settings%3DeyJpZCI6MjExOSwidXJsIjoiaHR0cHM6XC9cL2FiZGVzaG9mLmJlXC93cC1jb250ZW50XC91cGxvYWRzXC8yMDI1XC8wNFwvMjItMDIwX0FiZGVzaG9mXzA2MDUyMDIyXzE1OC53ZWJwIiwic2xpZGVzaG93IjoiMDcyYTc0NyJ9\">\n\t\t\t\t\t<div class=\"e-gallery-image elementor-gallery-item__image\" data-thumbnail=\"https:\/\/abdeshof.be\/wp-content\/uploads\/2025\/04\/22-020_Abdeshof_06052022_158-300x200.webp\" data-width=\"300\" data-height=\"200\" aria-label=\"\" role=\"img\" ><\/div>\n\t\t\t\t\t\t\t\t\t\t\t<div class=\"elementor-gallery-item__overlay\"><\/div>\n\t\t\t\t\t\t\t\t\t\t\t\t\t\t<\/a>\n\t\t\t\t\t\t\t<a class=\"e-gallery-item elementor-gallery-item elementor-animated-content\" href=\"https:\/\/abdeshof.be\/wp-content\/uploads\/2025\/04\/22-020_Abdeshof_06052022_159.webp\" data-elementor-open-lightbox=\"yes\" data-elementor-lightbox-slideshow=\"072a747\" data-elementor-lightbox-title=\"22-020_Abdeshof_06052022_159\" data-e-action-hash=\"#elementor-action%3Aaction%3Dlightbox%26settings%3DeyJpZCI6MjEyMCwidXJsIjoiaHR0cHM6XC9cL2FiZGVzaG9mLmJlXC93cC1jb250ZW50XC91cGxvYWRzXC8yMDI1XC8wNFwvMjItMDIwX0FiZGVzaG9mXzA2MDUyMDIyXzE1OS53ZWJwIiwic2xpZGVzaG93IjoiMDcyYTc0NyJ9\">\n\t\t\t\t\t<div class=\"e-gallery-image elementor-gallery-item__image\" data-thumbnail=\"https:\/\/abdeshof.be\/wp-content\/uploads\/2025\/04\/22-020_Abdeshof_06052022_159-300x200.webp\" data-width=\"300\" data-height=\"200\" aria-label=\"\" role=\"img\" ><\/div>\n\t\t\t\t\t\t\t\t\t\t\t<div class=\"elementor-gallery-item__overlay\"><\/div>\n\t\t\t\t\t\t\t\t\t\t\t\t\t\t<\/a>\n\t\t\t\t\t\t\t<a class=\"e-gallery-item elementor-gallery-item elementor-animated-content\" href=\"https:\/\/abdeshof.be\/wp-content\/uploads\/2025\/04\/22-020_Abdeshof_06052022_160.webp\" data-elementor-open-lightbox=\"yes\" data-elementor-lightbox-slideshow=\"072a747\" data-elementor-lightbox-title=\"22-020_Abdeshof_06052022_160\" data-e-action-hash=\"#elementor-action%3Aaction%3Dlightbox%26settings%3DeyJpZCI6MjEyMSwidXJsIjoiaHR0cHM6XC9cL2FiZGVzaG9mLmJlXC93cC1jb250ZW50XC91cGxvYWRzXC8yMDI1XC8wNFwvMjItMDIwX0FiZGVzaG9mXzA2MDUyMDIyXzE2MC53ZWJwIiwic2xpZGVzaG93IjoiMDcyYTc0NyJ9\">\n\t\t\t\t\t<div class=\"e-gallery-image elementor-gallery-item__image\" data-thumbnail=\"https:\/\/abdeshof.be\/wp-content\/uploads\/2025\/04\/22-020_Abdeshof_06052022_160-300x200.webp\" data-width=\"300\" data-height=\"200\" aria-label=\"\" role=\"img\" ><\/div>\n\t\t\t\t\t\t\t\t\t\t\t<div class=\"elementor-gallery-item__overlay\"><\/div>\n\t\t\t\t\t\t\t\t\t\t\t\t\t\t<\/a>\n\t\t\t\t\t\t\t<a class=\"e-gallery-item elementor-gallery-item elementor-animated-content\" href=\"https:\/\/abdeshof.be\/wp-content\/uploads\/2025\/04\/22-020_Abdeshof_06052022_162.webp\" data-elementor-open-lightbox=\"yes\" data-elementor-lightbox-slideshow=\"072a747\" data-elementor-lightbox-title=\"22-020_Abdeshof_06052022_162\" data-e-action-hash=\"#elementor-action%3Aaction%3Dlightbox%26settings%3DeyJpZCI6MjEyMiwidXJsIjoiaHR0cHM6XC9cL2FiZGVzaG9mLmJlXC93cC1jb250ZW50XC91cGxvYWRzXC8yMDI1XC8wNFwvMjItMDIwX0FiZGVzaG9mXzA2MDUyMDIyXzE2Mi53ZWJwIiwic2xpZGVzaG93IjoiMDcyYTc0NyJ9\">\n\t\t\t\t\t<div class=\"e-gallery-image elementor-gallery-item__image\" data-thumbnail=\"https:\/\/abdeshof.be\/wp-content\/uploads\/2025\/04\/22-020_Abdeshof_06052022_162-300x200.webp\" data-width=\"300\" data-height=\"200\" aria-label=\"\" role=\"img\" ><\/div>\n\t\t\t\t\t\t\t\t\t\t\t<div class=\"elementor-gallery-item__overlay\"><\/div>\n\t\t\t\t\t\t\t\t\t\t\t\t\t\t<\/a>\n\t\t\t\t\t\t\t<a class=\"e-gallery-item elementor-gallery-item elementor-animated-content\" href=\"https:\/\/abdeshof.be\/wp-content\/uploads\/2025\/04\/22-020_Abdeshof_06052022_196.webp\" data-elementor-open-lightbox=\"yes\" data-elementor-lightbox-slideshow=\"072a747\" data-elementor-lightbox-title=\"22-020_Abdeshof_06052022_196\" data-e-action-hash=\"#elementor-action%3Aaction%3Dlightbox%26settings%3DeyJpZCI6MjEyNywidXJsIjoiaHR0cHM6XC9cL2FiZGVzaG9mLmJlXC93cC1jb250ZW50XC91cGxvYWRzXC8yMDI1XC8wNFwvMjItMDIwX0FiZGVzaG9mXzA2MDUyMDIyXzE5Ni53ZWJwIiwic2xpZGVzaG93IjoiMDcyYTc0NyJ9\">\n\t\t\t\t\t<div class=\"e-gallery-image elementor-gallery-item__image\" data-thumbnail=\"https:\/\/abdeshof.be\/wp-content\/uploads\/2025\/04\/22-020_Abdeshof_06052022_196-300x200.webp\" data-width=\"300\" data-height=\"200\" aria-label=\"\" role=\"img\" ><\/div>\n\t\t\t\t\t\t\t\t\t\t\t<div class=\"elementor-gallery-item__overlay\"><\/div>\n\t\t\t\t\t\t\t\t\t\t\t\t\t\t<\/a>\n\t\t\t\t\t\t\t<a class=\"e-gallery-item elementor-gallery-item elementor-animated-content\" href=\"https:\/\/abdeshof.be\/wp-content\/uploads\/2025\/04\/22-020_Abdeshof_06052022_214.webp\" data-elementor-open-lightbox=\"yes\" data-elementor-lightbox-slideshow=\"072a747\" data-elementor-lightbox-title=\"22-020_Abdeshof_06052022_214\" data-e-action-hash=\"#elementor-action%3Aaction%3Dlightbox%26settings%3DeyJpZCI6MjEyOCwidXJsIjoiaHR0cHM6XC9cL2FiZGVzaG9mLmJlXC93cC1jb250ZW50XC91cGxvYWRzXC8yMDI1XC8wNFwvMjItMDIwX0FiZGVzaG9mXzA2MDUyMDIyXzIxNC53ZWJwIiwic2xpZGVzaG93IjoiMDcyYTc0NyJ9\">\n\t\t\t\t\t<div class=\"e-gallery-image elementor-gallery-item__image\" data-thumbnail=\"https:\/\/abdeshof.be\/wp-content\/uploads\/2025\/04\/22-020_Abdeshof_06052022_214-300x200.webp\" data-width=\"300\" data-height=\"200\" aria-label=\"\" role=\"img\" ><\/div>\n\t\t\t\t\t\t\t\t\t\t\t<div class=\"elementor-gallery-item__overlay\"><\/div>\n\t\t\t\t\t\t\t\t\t\t\t\t\t\t<\/a>\n\t\t\t\t\t\t\t<a class=\"e-gallery-item elementor-gallery-item elementor-animated-content\" href=\"https:\/\/abdeshof.be\/wp-content\/uploads\/2025\/04\/22-020_Abdeshof_06052022_220.webp\" data-elementor-open-lightbox=\"yes\" data-elementor-lightbox-slideshow=\"072a747\" data-elementor-lightbox-title=\"22-020_Abdeshof_06052022_220\" data-e-action-hash=\"#elementor-action%3Aaction%3Dlightbox%26settings%3DeyJpZCI6MjEyOSwidXJsIjoiaHR0cHM6XC9cL2FiZGVzaG9mLmJlXC93cC1jb250ZW50XC91cGxvYWRzXC8yMDI1XC8wNFwvMjItMDIwX0FiZGVzaG9mXzA2MDUyMDIyXzIyMC53ZWJwIiwic2xpZGVzaG93IjoiMDcyYTc0NyJ9\">\n\t\t\t\t\t<div class=\"e-gallery-image elementor-gallery-item__image\" data-thumbnail=\"https:\/\/abdeshof.be\/wp-content\/uploads\/2025\/04\/22-020_Abdeshof_06052022_220-300x200.webp\" data-width=\"300\" data-height=\"200\" aria-label=\"\" role=\"img\" ><\/div>\n\t\t\t\t\t\t\t\t\t\t\t<div class=\"elementor-gallery-item__overlay\"><\/div>\n\t\t\t\t\t\t\t\t\t\t\t\t\t\t<\/a>\n\t\t\t\t\t\t\t<a class=\"e-gallery-item elementor-gallery-item elementor-animated-content\" href=\"https:\/\/abdeshof.be\/wp-content\/uploads\/2025\/04\/22-020_Abdeshof_06052022_228.webp\" data-elementor-open-lightbox=\"yes\" data-elementor-lightbox-slideshow=\"072a747\" data-elementor-lightbox-title=\"22-020_Abdeshof_06052022_228\" data-e-action-hash=\"#elementor-action%3Aaction%3Dlightbox%26settings%3DeyJpZCI6MjEzMCwidXJsIjoiaHR0cHM6XC9cL2FiZGVzaG9mLmJlXC93cC1jb250ZW50XC91cGxvYWRzXC8yMDI1XC8wNFwvMjItMDIwX0FiZGVzaG9mXzA2MDUyMDIyXzIyOC53ZWJwIiwic2xpZGVzaG93IjoiMDcyYTc0NyJ9\">\n\t\t\t\t\t<div class=\"e-gallery-image elementor-gallery-item__image\" data-thumbnail=\"https:\/\/abdeshof.be\/wp-content\/uploads\/2025\/04\/22-020_Abdeshof_06052022_228-300x200.webp\" data-width=\"300\" data-height=\"200\" aria-label=\"\" role=\"img\" ><\/div>\n\t\t\t\t\t\t\t\t\t\t\t<div class=\"elementor-gallery-item__overlay\"><\/div>\n\t\t\t\t\t\t\t\t\t\t\t\t\t\t<\/a>\n\t\t\t\t\t\t\t<a class=\"e-gallery-item elementor-gallery-item elementor-animated-content\" href=\"https:\/\/abdeshof.be\/wp-content\/uploads\/2025\/04\/22-020_Abdeshof_06052022_233.webp\" data-elementor-open-lightbox=\"yes\" data-elementor-lightbox-slideshow=\"072a747\" data-elementor-lightbox-title=\"22-020_Abdeshof_06052022_233\" data-e-action-hash=\"#elementor-action%3Aaction%3Dlightbox%26settings%3DeyJpZCI6MjEzMSwidXJsIjoiaHR0cHM6XC9cL2FiZGVzaG9mLmJlXC93cC1jb250ZW50XC91cGxvYWRzXC8yMDI1XC8wNFwvMjItMDIwX0FiZGVzaG9mXzA2MDUyMDIyXzIzMy53ZWJwIiwic2xpZGVzaG93IjoiMDcyYTc0NyJ9\">\n\t\t\t\t\t<div class=\"e-gallery-image elementor-gallery-item__image\" data-thumbnail=\"https:\/\/abdeshof.be\/wp-content\/uploads\/2025\/04\/22-020_Abdeshof_06052022_233-300x200.webp\" data-width=\"300\" data-height=\"200\" aria-label=\"\" role=\"img\" ><\/div>\n\t\t\t\t\t\t\t\t\t\t\t<div class=\"elementor-gallery-item__overlay\"><\/div>\n\t\t\t\t\t\t\t\t\t\t\t\t\t\t<\/a>\n\t\t\t\t\t\t\t<a class=\"e-gallery-item elementor-gallery-item elementor-animated-content\" href=\"https:\/\/abdeshof.be\/wp-content\/uploads\/2025\/04\/22-020_Abdeshof_06052022_35.webp\" data-elementor-open-lightbox=\"yes\" data-elementor-lightbox-slideshow=\"072a747\" data-elementor-lightbox-title=\"22-020_Abdeshof_06052022_35\" data-e-action-hash=\"#elementor-action%3Aaction%3Dlightbox%26settings%3DeyJpZCI6MjEzNSwidXJsIjoiaHR0cHM6XC9cL2FiZGVzaG9mLmJlXC93cC1jb250ZW50XC91cGxvYWRzXC8yMDI1XC8wNFwvMjItMDIwX0FiZGVzaG9mXzA2MDUyMDIyXzM1LndlYnAiLCJzbGlkZXNob3ciOiIwNzJhNzQ3In0%3D\">\n\t\t\t\t\t<div class=\"e-gallery-image elementor-gallery-item__image\" data-thumbnail=\"https:\/\/abdeshof.be\/wp-content\/uploads\/2025\/04\/22-020_Abdeshof_06052022_35-200x300.webp\" data-width=\"200\" data-height=\"300\" aria-label=\"\" role=\"img\" ><\/div>\n\t\t\t\t\t\t\t\t\t\t\t<div class=\"elementor-gallery-item__overlay\"><\/div>\n\t\t\t\t\t\t\t\t\t\t\t\t\t\t<\/a>\n\t\t\t\t\t\t\t<a class=\"e-gallery-item elementor-gallery-item elementor-animated-content\" href=\"https:\/\/abdeshof.be\/wp-content\/uploads\/2025\/04\/22-020_Abdeshof_06052022_134.webp\" data-elementor-open-lightbox=\"yes\" data-elementor-lightbox-slideshow=\"072a747\" data-elementor-lightbox-title=\"22-020_Abdeshof_06052022_134\" data-e-action-hash=\"#elementor-action%3Aaction%3Dlightbox%26settings%3DeyJpZCI6MjEzNiwidXJsIjoiaHR0cHM6XC9cL2FiZGVzaG9mLmJlXC93cC1jb250ZW50XC91cGxvYWRzXC8yMDI1XC8wNFwvMjItMDIwX0FiZGVzaG9mXzA2MDUyMDIyXzEzNC53ZWJwIiwic2xpZGVzaG93IjoiMDcyYTc0NyJ9\">\n\t\t\t\t\t<div class=\"e-gallery-image elementor-gallery-item__image\" data-thumbnail=\"https:\/\/abdeshof.be\/wp-content\/uploads\/2025\/04\/22-020_Abdeshof_06052022_134-200x300.webp\" data-width=\"200\" data-height=\"300\" aria-label=\"\" role=\"img\" ><\/div>\n\t\t\t\t\t\t\t\t\t\t\t<div class=\"elementor-gallery-item__overlay\"><\/div>\n\t\t\t\t\t\t\t\t\t\t\t\t\t\t<\/a>\n\t\t\t\t\t\t\t<a class=\"e-gallery-item elementor-gallery-item elementor-animated-content\" href=\"https:\/\/abdeshof.be\/wp-content\/uploads\/2025\/04\/22-020_Abdeshof_06052022_212.webp\" data-elementor-open-lightbox=\"yes\" data-elementor-lightbox-slideshow=\"072a747\" data-elementor-lightbox-title=\"22-020_Abdeshof_06052022_212\" data-e-action-hash=\"#elementor-action%3Aaction%3Dlightbox%26settings%3DeyJpZCI6MjEzNywidXJsIjoiaHR0cHM6XC9cL2FiZGVzaG9mLmJlXC93cC1jb250ZW50XC91cGxvYWRzXC8yMDI1XC8wNFwvMjItMDIwX0FiZGVzaG9mXzA2MDUyMDIyXzIxMi53ZWJwIiwic2xpZGVzaG93IjoiMDcyYTc0NyJ9\">\n\t\t\t\t\t<div class=\"e-gallery-image elementor-gallery-item__image\" data-thumbnail=\"https:\/\/abdeshof.be\/wp-content\/uploads\/2025\/04\/22-020_Abdeshof_06052022_212-300x200.webp\" data-width=\"300\" data-height=\"200\" aria-label=\"\" role=\"img\" ><\/div>\n\t\t\t\t\t\t\t\t\t\t\t<div class=\"elementor-gallery-item__overlay\"><\/div>\n\t\t\t\t\t\t\t\t\t\t\t\t\t\t<\/a>\n\t\t\t\t\t\t\t<a class=\"e-gallery-item elementor-gallery-item elementor-animated-content\" href=\"https:\/\/abdeshof.be\/wp-content\/uploads\/2025\/04\/22-020_Abdeshof_06052022_226.webp\" data-elementor-open-lightbox=\"yes\" data-elementor-lightbox-slideshow=\"072a747\" data-elementor-lightbox-title=\"22-020_Abdeshof_06052022_226\" data-e-action-hash=\"#elementor-action%3Aaction%3Dlightbox%26settings%3DeyJpZCI6MjEzOCwidXJsIjoiaHR0cHM6XC9cL2FiZGVzaG9mLmJlXC93cC1jb250ZW50XC91cGxvYWRzXC8yMDI1XC8wNFwvMjItMDIwX0FiZGVzaG9mXzA2MDUyMDIyXzIyNi53ZWJwIiwic2xpZGVzaG93IjoiMDcyYTc0NyJ9\">\n\t\t\t\t\t<div class=\"e-gallery-image elementor-gallery-item__image\" data-thumbnail=\"https:\/\/abdeshof.be\/wp-content\/uploads\/2025\/04\/22-020_Abdeshof_06052022_226-300x200.webp\" data-width=\"300\" data-height=\"200\" aria-label=\"\" role=\"img\" ><\/div>\n\t\t\t\t\t\t\t\t\t\t\t<div class=\"elementor-gallery-item__overlay\"><\/div>\n\t\t\t\t\t\t\t\t\t\t\t\t\t\t<\/a>\n\t\t\t\t\t\t\t<a class=\"e-gallery-item elementor-gallery-item elementor-animated-content\" href=\"https:\/\/abdeshof.be\/wp-content\/uploads\/2025\/04\/22-020_Abdeshof_06052022_231.webp\" data-elementor-open-lightbox=\"yes\" data-elementor-lightbox-slideshow=\"072a747\" data-elementor-lightbox-title=\"22-020_Abdeshof_06052022_231\" data-e-action-hash=\"#elementor-action%3Aaction%3Dlightbox%26settings%3DeyJpZCI6MjEzOSwidXJsIjoiaHR0cHM6XC9cL2FiZGVzaG9mLmJlXC93cC1jb250ZW50XC91cGxvYWRzXC8yMDI1XC8wNFwvMjItMDIwX0FiZGVzaG9mXzA2MDUyMDIyXzIzMS53ZWJwIiwic2xpZGVzaG93IjoiMDcyYTc0NyJ9\">\n\t\t\t\t\t<div class=\"e-gallery-image elementor-gallery-item__image\" data-thumbnail=\"https:\/\/abdeshof.be\/wp-content\/uploads\/2025\/04\/22-020_Abdeshof_06052022_231-300x200.webp\" data-width=\"300\" data-height=\"200\" aria-label=\"\" role=\"img\" ><\/div>\n\t\t\t\t\t\t\t\t\t\t\t<div class=\"elementor-gallery-item__overlay\"><\/div>\n\t\t\t\t\t\t\t\t\t\t\t\t\t\t<\/a>\n\t\t\t\t\t\t\t<a class=\"e-gallery-item elementor-gallery-item elementor-animated-content\" href=\"https:\/\/abdeshof.be\/wp-content\/uploads\/2025\/04\/21-032_Weekendje_Copains_Middelkerke_11-13062021_3.webp\" data-elementor-open-lightbox=\"yes\" data-elementor-lightbox-slideshow=\"072a747\" data-elementor-lightbox-title=\"21-032_Weekendje_Copains_Middelkerke_11-13062021_3\" data-e-action-hash=\"#elementor-action%3Aaction%3Dlightbox%26settings%3DeyJpZCI6MjE0MSwidXJsIjoiaHR0cHM6XC9cL2FiZGVzaG9mLmJlXC93cC1jb250ZW50XC91cGxvYWRzXC8yMDI1XC8wNFwvMjEtMDMyX1dlZWtlbmRqZV9Db3BhaW5zX01pZGRlbGtlcmtlXzExLTEzMDYyMDIxXzMud2VicCIsInNsaWRlc2hvdyI6IjA3MmE3NDcifQ%3D%3D\">\n\t\t\t\t\t<div class=\"e-gallery-image elementor-gallery-item__image\" data-thumbnail=\"https:\/\/abdeshof.be\/wp-content\/uploads\/2025\/04\/21-032_Weekendje_Copains_Middelkerke_11-13062021_3-300x200.webp\" data-width=\"300\" data-height=\"200\" aria-label=\"\" role=\"img\" ><\/div>\n\t\t\t\t\t\t\t\t\t\t\t<div class=\"elementor-gallery-item__overlay\"><\/div>\n\t\t\t\t\t\t\t\t\t\t\t\t\t\t<\/a>\n\t\t\t\t\t\t\t<a class=\"e-gallery-item elementor-gallery-item elementor-animated-content\" href=\"https:\/\/abdeshof.be\/wp-content\/uploads\/2025\/04\/21-032_Weekendje_Copains_Middelkerke_11-13062021_10-1.webp\" data-elementor-open-lightbox=\"yes\" data-elementor-lightbox-slideshow=\"072a747\" data-elementor-lightbox-title=\"21-032_Weekendje_Copains_Middelkerke_11-13062021_10 (1)\" data-e-action-hash=\"#elementor-action%3Aaction%3Dlightbox%26settings%3DeyJpZCI6MjE0MiwidXJsIjoiaHR0cHM6XC9cL2FiZGVzaG9mLmJlXC93cC1jb250ZW50XC91cGxvYWRzXC8yMDI1XC8wNFwvMjEtMDMyX1dlZWtlbmRqZV9Db3BhaW5zX01pZGRlbGtlcmtlXzExLTEzMDYyMDIxXzEwLTEud2VicCIsInNsaWRlc2hvdyI6IjA3MmE3NDcifQ%3D%3D\">\n\t\t\t\t\t<div class=\"e-gallery-image elementor-gallery-item__image\" data-thumbnail=\"https:\/\/abdeshof.be\/wp-content\/uploads\/2025\/04\/21-032_Weekendje_Copains_Middelkerke_11-13062021_10-1-300x200.webp\" data-width=\"300\" data-height=\"200\" aria-label=\"\" role=\"img\" ><\/div>\n\t\t\t\t\t\t\t\t\t\t\t<div class=\"elementor-gallery-item__overlay\"><\/div>\n\t\t\t\t\t\t\t\t\t\t\t\t\t\t<\/a>\n\t\t\t\t\t\t\t<a class=\"e-gallery-item elementor-gallery-item elementor-animated-content\" href=\"https:\/\/abdeshof.be\/wp-content\/uploads\/2025\/04\/21-032_Weekendje_Copains_Middelkerke_11-13062021_12.webp\" data-elementor-open-lightbox=\"yes\" data-elementor-lightbox-slideshow=\"072a747\" data-elementor-lightbox-title=\"21-032_Weekendje_Copains_Middelkerke_11-13062021_12\" data-e-action-hash=\"#elementor-action%3Aaction%3Dlightbox%26settings%3DeyJpZCI6MjE0MywidXJsIjoiaHR0cHM6XC9cL2FiZGVzaG9mLmJlXC93cC1jb250ZW50XC91cGxvYWRzXC8yMDI1XC8wNFwvMjEtMDMyX1dlZWtlbmRqZV9Db3BhaW5zX01pZGRlbGtlcmtlXzExLTEzMDYyMDIxXzEyLndlYnAiLCJzbGlkZXNob3ciOiIwNzJhNzQ3In0%3D\">\n\t\t\t\t\t<div class=\"e-gallery-image elementor-gallery-item__image\" data-thumbnail=\"https:\/\/abdeshof.be\/wp-content\/uploads\/2025\/04\/21-032_Weekendje_Copains_Middelkerke_11-13062021_12-200x300.webp\" data-width=\"200\" data-height=\"300\" aria-label=\"\" role=\"img\" ><\/div>\n\t\t\t\t\t\t\t\t\t\t\t<div class=\"elementor-gallery-item__overlay\"><\/div>\n\t\t\t\t\t\t\t\t\t\t\t\t\t\t<\/a>\n\t\t\t\t\t\t\t<a class=\"e-gallery-item elementor-gallery-item elementor-animated-content\" href=\"https:\/\/abdeshof.be\/wp-content\/uploads\/2025\/04\/21-032_Weekendje_Copains_Middelkerke_11-13062021_13.webp\" data-elementor-open-lightbox=\"yes\" data-elementor-lightbox-slideshow=\"072a747\" data-elementor-lightbox-title=\"21-032_Weekendje_Copains_Middelkerke_11-13062021_13\" data-e-action-hash=\"#elementor-action%3Aaction%3Dlightbox%26settings%3DeyJpZCI6MjE0NCwidXJsIjoiaHR0cHM6XC9cL2FiZGVzaG9mLmJlXC93cC1jb250ZW50XC91cGxvYWRzXC8yMDI1XC8wNFwvMjEtMDMyX1dlZWtlbmRqZV9Db3BhaW5zX01pZGRlbGtlcmtlXzExLTEzMDYyMDIxXzEzLndlYnAiLCJzbGlkZXNob3ciOiIwNzJhNzQ3In0%3D\">\n\t\t\t\t\t<div class=\"e-gallery-image elementor-gallery-item__image\" data-thumbnail=\"https:\/\/abdeshof.be\/wp-content\/uploads\/2025\/04\/21-032_Weekendje_Copains_Middelkerke_11-13062021_13-200x300.webp\" data-width=\"200\" data-height=\"300\" aria-label=\"\" role=\"img\" ><\/div>\n\t\t\t\t\t\t\t\t\t\t\t<div class=\"elementor-gallery-item__overlay\"><\/div>\n\t\t\t\t\t\t\t\t\t\t\t\t\t\t<\/a>\n\t\t\t\t\t\t\t<a class=\"e-gallery-item elementor-gallery-item elementor-animated-content\" href=\"https:\/\/abdeshof.be\/wp-content\/uploads\/2025\/04\/21-032_Weekendje_Copains_Middelkerke_11-13062021_53.webp\" data-elementor-open-lightbox=\"yes\" data-elementor-lightbox-slideshow=\"072a747\" data-elementor-lightbox-title=\"21-032_Weekendje_Copains_Middelkerke_11-13062021_53\" data-e-action-hash=\"#elementor-action%3Aaction%3Dlightbox%26settings%3DeyJpZCI6MjE0NSwidXJsIjoiaHR0cHM6XC9cL2FiZGVzaG9mLmJlXC93cC1jb250ZW50XC91cGxvYWRzXC8yMDI1XC8wNFwvMjEtMDMyX1dlZWtlbmRqZV9Db3BhaW5zX01pZGRlbGtlcmtlXzExLTEzMDYyMDIxXzUzLndlYnAiLCJzbGlkZXNob3ciOiIwNzJhNzQ3In0%3D\">\n\t\t\t\t\t<div class=\"e-gallery-image elementor-gallery-item__image\" data-thumbnail=\"https:\/\/abdeshof.be\/wp-content\/uploads\/2025\/04\/21-032_Weekendje_Copains_Middelkerke_11-13062021_53-300x200.webp\" data-width=\"300\" data-height=\"200\" aria-label=\"\" role=\"img\" ><\/div>\n\t\t\t\t\t\t\t\t\t\t\t<div class=\"elementor-gallery-item__overlay\"><\/div>\n\t\t\t\t\t\t\t\t\t\t\t\t\t\t<\/a>\n\t\t\t\t\t\t\t<a class=\"e-gallery-item elementor-gallery-item elementor-animated-content\" href=\"https:\/\/abdeshof.be\/wp-content\/uploads\/2025\/04\/22-020_Abdeshof_06052022_20.webp\" data-elementor-open-lightbox=\"yes\" data-elementor-lightbox-slideshow=\"072a747\" data-elementor-lightbox-title=\"22-020_Abdeshof_06052022_20\" data-e-action-hash=\"#elementor-action%3Aaction%3Dlightbox%26settings%3DeyJpZCI6MjE0NiwidXJsIjoiaHR0cHM6XC9cL2FiZGVzaG9mLmJlXC93cC1jb250ZW50XC91cGxvYWRzXC8yMDI1XC8wNFwvMjItMDIwX0FiZGVzaG9mXzA2MDUyMDIyXzIwLndlYnAiLCJzbGlkZXNob3ciOiIwNzJhNzQ3In0%3D\">\n\t\t\t\t\t<div class=\"e-gallery-image elementor-gallery-item__image\" data-thumbnail=\"https:\/\/abdeshof.be\/wp-content\/uploads\/2025\/04\/22-020_Abdeshof_06052022_20-200x300.webp\" data-width=\"200\" data-height=\"300\" aria-label=\"\" role=\"img\" ><\/div>\n\t\t\t\t\t\t\t\t\t\t\t<div class=\"elementor-gallery-item__overlay\"><\/div>\n\t\t\t\t\t\t\t\t\t\t\t\t\t\t<\/a>\n\t\t\t\t\t\t\t<a class=\"e-gallery-item elementor-gallery-item elementor-animated-content\" href=\"https:\/\/abdeshof.be\/wp-content\/uploads\/2025\/04\/22-020_Abdeshof_06052022_23.webp\" data-elementor-open-lightbox=\"yes\" data-elementor-lightbox-slideshow=\"072a747\" data-elementor-lightbox-title=\"22-020_Abdeshof_06052022_23\" data-e-action-hash=\"#elementor-action%3Aaction%3Dlightbox%26settings%3DeyJpZCI6MjE0NywidXJsIjoiaHR0cHM6XC9cL2FiZGVzaG9mLmJlXC93cC1jb250ZW50XC91cGxvYWRzXC8yMDI1XC8wNFwvMjItMDIwX0FiZGVzaG9mXzA2MDUyMDIyXzIzLndlYnAiLCJzbGlkZXNob3ciOiIwNzJhNzQ3In0%3D\">\n\t\t\t\t\t<div class=\"e-gallery-image elementor-gallery-item__image\" data-thumbnail=\"https:\/\/abdeshof.be\/wp-content\/uploads\/2025\/04\/22-020_Abdeshof_06052022_23-200x300.webp\" data-width=\"200\" data-height=\"300\" aria-label=\"\" role=\"img\" ><\/div>\n\t\t\t\t\t\t\t\t\t\t\t<div class=\"elementor-gallery-item__overlay\"><\/div>\n\t\t\t\t\t\t\t\t\t\t\t\t\t\t<\/a>\n\t\t\t\t\t\t\t<a class=\"e-gallery-item elementor-gallery-item elementor-animated-content\" href=\"https:\/\/abdeshof.be\/wp-content\/uploads\/2025\/04\/22-020_Abdeshof_06052022_54.webp\" data-elementor-open-lightbox=\"yes\" data-elementor-lightbox-slideshow=\"072a747\" data-elementor-lightbox-title=\"22-020_Abdeshof_06052022_54\" data-e-action-hash=\"#elementor-action%3Aaction%3Dlightbox%26settings%3DeyJpZCI6MjE0OCwidXJsIjoiaHR0cHM6XC9cL2FiZGVzaG9mLmJlXC93cC1jb250ZW50XC91cGxvYWRzXC8yMDI1XC8wNFwvMjItMDIwX0FiZGVzaG9mXzA2MDUyMDIyXzU0LndlYnAiLCJzbGlkZXNob3ciOiIwNzJhNzQ3In0%3D\">\n\t\t\t\t\t<div class=\"e-gallery-image elementor-gallery-item__image\" data-thumbnail=\"https:\/\/abdeshof.be\/wp-content\/uploads\/2025\/04\/22-020_Abdeshof_06052022_54-200x300.webp\" data-width=\"200\" data-height=\"300\" aria-label=\"\" role=\"img\" ><\/div>\n\t\t\t\t\t\t\t\t\t\t\t<div class=\"elementor-gallery-item__overlay\"><\/div>\n\t\t\t\t\t\t\t\t\t\t\t\t\t\t<\/a>\n\t\t\t\t\t\t\t<a class=\"e-gallery-item elementor-gallery-item elementor-animated-content\" href=\"https:\/\/abdeshof.be\/wp-content\/uploads\/2025\/04\/22-020_Abdeshof_06052022_65.webp\" data-elementor-open-lightbox=\"yes\" data-elementor-lightbox-slideshow=\"072a747\" data-elementor-lightbox-title=\"22-020_Abdeshof_06052022_65\" data-e-action-hash=\"#elementor-action%3Aaction%3Dlightbox%26settings%3DeyJpZCI6MjE0OSwidXJsIjoiaHR0cHM6XC9cL2FiZGVzaG9mLmJlXC93cC1jb250ZW50XC91cGxvYWRzXC8yMDI1XC8wNFwvMjItMDIwX0FiZGVzaG9mXzA2MDUyMDIyXzY1LndlYnAiLCJzbGlkZXNob3ciOiIwNzJhNzQ3In0%3D\">\n\t\t\t\t\t<div class=\"e-gallery-image elementor-gallery-item__image\" data-thumbnail=\"https:\/\/abdeshof.be\/wp-content\/uploads\/2025\/04\/22-020_Abdeshof_06052022_65-200x300.webp\" data-width=\"200\" data-height=\"300\" aria-label=\"\" role=\"img\" ><\/div>\n\t\t\t\t\t\t\t\t\t\t\t<div class=\"elementor-gallery-item__overlay\"><\/div>\n\t\t\t\t\t\t\t\t\t\t\t\t\t\t<\/a>\n\t\t\t\t\t\t\t<a class=\"e-gallery-item elementor-gallery-item elementor-animated-content\" href=\"https:\/\/abdeshof.be\/wp-content\/uploads\/2025\/04\/22-020_Abdeshof_06052022_66.webp\" data-elementor-open-lightbox=\"yes\" data-elementor-lightbox-slideshow=\"072a747\" data-elementor-lightbox-title=\"22-020_Abdeshof_06052022_66\" data-e-action-hash=\"#elementor-action%3Aaction%3Dlightbox%26settings%3DeyJpZCI6MjE1MCwidXJsIjoiaHR0cHM6XC9cL2FiZGVzaG9mLmJlXC93cC1jb250ZW50XC91cGxvYWRzXC8yMDI1XC8wNFwvMjItMDIwX0FiZGVzaG9mXzA2MDUyMDIyXzY2LndlYnAiLCJzbGlkZXNob3ciOiIwNzJhNzQ3In0%3D\">\n\t\t\t\t\t<div class=\"e-gallery-image elementor-gallery-item__image\" data-thumbnail=\"https:\/\/abdeshof.be\/wp-content\/uploads\/2025\/04\/22-020_Abdeshof_06052022_66-300x200.webp\" data-width=\"300\" data-height=\"200\" aria-label=\"\" role=\"img\" ><\/div>\n\t\t\t\t\t\t\t\t\t\t\t<div class=\"elementor-gallery-item__overlay\"><\/div>\n\t\t\t\t\t\t\t\t\t\t\t\t\t\t<\/a>\n\t\t\t\t\t\t\t<a class=\"e-gallery-item elementor-gallery-item elementor-animated-content\" href=\"https:\/\/abdeshof.be\/wp-content\/uploads\/2025\/04\/22-020_Abdeshof_06052022_70.webp\" data-elementor-open-lightbox=\"yes\" data-elementor-lightbox-slideshow=\"072a747\" data-elementor-lightbox-title=\"22-020_Abdeshof_06052022_70\" data-e-action-hash=\"#elementor-action%3Aaction%3Dlightbox%26settings%3DeyJpZCI6MjE1MSwidXJsIjoiaHR0cHM6XC9cL2FiZGVzaG9mLmJlXC93cC1jb250ZW50XC91cGxvYWRzXC8yMDI1XC8wNFwvMjItMDIwX0FiZGVzaG9mXzA2MDUyMDIyXzcwLndlYnAiLCJzbGlkZXNob3ciOiIwNzJhNzQ3In0%3D\">\n\t\t\t\t\t<div class=\"e-gallery-image elementor-gallery-item__image\" data-thumbnail=\"https:\/\/abdeshof.be\/wp-content\/uploads\/2025\/04\/22-020_Abdeshof_06052022_70-300x200.webp\" data-width=\"300\" data-height=\"200\" aria-label=\"\" role=\"img\" ><\/div>\n\t\t\t\t\t\t\t\t\t\t\t<div class=\"elementor-gallery-item__overlay\"><\/div>\n\t\t\t\t\t\t\t\t\t\t\t\t\t\t<\/a>\n\t\t\t\t\t\t\t<a class=\"e-gallery-item elementor-gallery-item elementor-animated-content\" href=\"https:\/\/abdeshof.be\/wp-content\/uploads\/2025\/04\/22-020_Abdeshof_06052022_72.webp\" data-elementor-open-lightbox=\"yes\" data-elementor-lightbox-slideshow=\"072a747\" data-elementor-lightbox-title=\"22-020_Abdeshof_06052022_72\" data-e-action-hash=\"#elementor-action%3Aaction%3Dlightbox%26settings%3DeyJpZCI6MjE1MiwidXJsIjoiaHR0cHM6XC9cL2FiZGVzaG9mLmJlXC93cC1jb250ZW50XC91cGxvYWRzXC8yMDI1XC8wNFwvMjItMDIwX0FiZGVzaG9mXzA2MDUyMDIyXzcyLndlYnAiLCJzbGlkZXNob3ciOiIwNzJhNzQ3In0%3D\">\n\t\t\t\t\t<div class=\"e-gallery-image elementor-gallery-item__image\" data-thumbnail=\"https:\/\/abdeshof.be\/wp-content\/uploads\/2025\/04\/22-020_Abdeshof_06052022_72-300x200.webp\" data-width=\"300\" data-height=\"200\" aria-label=\"\" role=\"img\" ><\/div>\n\t\t\t\t\t\t\t\t\t\t\t<div class=\"elementor-gallery-item__overlay\"><\/div>\n\t\t\t\t\t\t\t\t\t\t\t\t\t\t<\/a>\n\t\t\t\t\t\t\t<a class=\"e-gallery-item elementor-gallery-item elementor-animated-content\" href=\"https:\/\/abdeshof.be\/wp-content\/uploads\/2025\/05\/Abdeshof_nieuw_keuken_03-scaled.jpg\" data-elementor-open-lightbox=\"yes\" data-elementor-lightbox-slideshow=\"072a747\" data-elementor-lightbox-title=\"Abdeshof_nieuw_keuken_03\" data-e-action-hash=\"#elementor-action%3Aaction%3Dlightbox%26settings%3DeyJpZCI6MzUwMCwidXJsIjoiaHR0cHM6XC9cL2FiZGVzaG9mLmJlXC93cC1jb250ZW50XC91cGxvYWRzXC8yMDI1XC8wNVwvQWJkZXNob2ZfbmlldXdfa2V1a2VuXzAzLXNjYWxlZC5qcGciLCJzbGlkZXNob3ciOiIwNzJhNzQ3In0%3D\">\n\t\t\t\t\t<div class=\"e-gallery-image elementor-gallery-item__image\" data-thumbnail=\"https:\/\/abdeshof.be\/wp-content\/uploads\/2025\/05\/Abdeshof_nieuw_keuken_03-300x200.jpg\" data-width=\"300\" data-height=\"200\" aria-label=\"\" role=\"img\" ><\/div>\n\t\t\t\t\t\t\t\t\t\t\t<div class=\"elementor-gallery-item__overlay\"><\/div>\n\t\t\t\t\t\t\t\t\t\t\t\t\t\t<\/a>\n\t\t\t\t\t\t\t<a class=\"e-gallery-item elementor-gallery-item elementor-animated-content\" href=\"https:\/\/abdeshof.be\/wp-content\/uploads\/2025\/05\/Abdeshof_nieuw_keuken_02-scaled.jpg\" data-elementor-open-lightbox=\"yes\" data-elementor-lightbox-slideshow=\"072a747\" data-elementor-lightbox-title=\"Abdeshof_nieuw_keuken_02\" data-e-action-hash=\"#elementor-action%3Aaction%3Dlightbox%26settings%3DeyJpZCI6MzQ5NywidXJsIjoiaHR0cHM6XC9cL2FiZGVzaG9mLmJlXC93cC1jb250ZW50XC91cGxvYWRzXC8yMDI1XC8wNVwvQWJkZXNob2ZfbmlldXdfa2V1a2VuXzAyLXNjYWxlZC5qcGciLCJzbGlkZXNob3ciOiIwNzJhNzQ3In0%3D\">\n\t\t\t\t\t<div class=\"e-gallery-image elementor-gallery-item__image\" data-thumbnail=\"https:\/\/abdeshof.be\/wp-content\/uploads\/2025\/05\/Abdeshof_nieuw_keuken_02-300x200.jpg\" data-width=\"300\" data-height=\"200\" aria-label=\"\" role=\"img\" ><\/div>\n\t\t\t\t\t\t\t\t\t\t\t<div class=\"elementor-gallery-item__overlay\"><\/div>\n\t\t\t\t\t\t\t\t\t\t\t\t\t\t<\/a>\n\t\t\t\t\t\t\t<a class=\"e-gallery-item elementor-gallery-item elementor-animated-content\" href=\"https:\/\/abdeshof.be\/wp-content\/uploads\/2025\/05\/Abdeshof_nieuw_keuken_01-scaled.jpg\" data-elementor-open-lightbox=\"yes\" data-elementor-lightbox-slideshow=\"072a747\" data-elementor-lightbox-title=\"Abdeshof_nieuw_keuken_01\" data-e-action-hash=\"#elementor-action%3Aaction%3Dlightbox%26settings%3DeyJpZCI6MzQ5NCwidXJsIjoiaHR0cHM6XC9cL2FiZGVzaG9mLmJlXC93cC1jb250ZW50XC91cGxvYWRzXC8yMDI1XC8wNVwvQWJkZXNob2ZfbmlldXdfa2V1a2VuXzAxLXNjYWxlZC5qcGciLCJzbGlkZXNob3ciOiIwNzJhNzQ3In0%3D\">\n\t\t\t\t\t<div class=\"e-gallery-image elementor-gallery-item__image\" data-thumbnail=\"https:\/\/abdeshof.be\/wp-content\/uploads\/2025\/05\/Abdeshof_nieuw_keuken_01-300x200.jpg\" data-width=\"300\" data-height=\"200\" aria-label=\"\" role=\"img\" ><\/div>\n\t\t\t\t\t\t\t\t\t\t\t<div class=\"elementor-gallery-item__overlay\"><\/div>\n\t\t\t\t\t\t\t\t\t\t\t\t\t\t<\/a>\n\t\t\t\t\t\t\t<a class=\"e-gallery-item elementor-gallery-item elementor-animated-content\" href=\"https:\/\/abdeshof.be\/wp-content\/uploads\/2025\/05\/Abdeshof_nieuw_bedrijven_05-scaled.jpg\" data-elementor-open-lightbox=\"yes\" data-elementor-lightbox-slideshow=\"072a747\" data-elementor-lightbox-title=\"Abdeshof_nieuw_bedrijven_05\" data-e-action-hash=\"#elementor-action%3Aaction%3Dlightbox%26settings%3DeyJpZCI6MzQ5MSwidXJsIjoiaHR0cHM6XC9cL2FiZGVzaG9mLmJlXC93cC1jb250ZW50XC91cGxvYWRzXC8yMDI1XC8wNVwvQWJkZXNob2ZfbmlldXdfYmVkcmlqdmVuXzA1LXNjYWxlZC5qcGciLCJzbGlkZXNob3ciOiIwNzJhNzQ3In0%3D\">\n\t\t\t\t\t<div class=\"e-gallery-image elementor-gallery-item__image\" data-thumbnail=\"https:\/\/abdeshof.be\/wp-content\/uploads\/2025\/05\/Abdeshof_nieuw_bedrijven_05-200x300.jpg\" data-width=\"200\" data-height=\"300\" aria-label=\"\" role=\"img\" ><\/div>\n\t\t\t\t\t\t\t\t\t\t\t<div class=\"elementor-gallery-item__overlay\"><\/div>\n\t\t\t\t\t\t\t\t\t\t\t\t\t\t<\/a>\n\t\t\t\t\t\t\t<a class=\"e-gallery-item elementor-gallery-item elementor-animated-content\" href=\"https:\/\/abdeshof.be\/wp-content\/uploads\/2025\/05\/Abdeshof_nieuw_bedrijven_04-scaled.jpg\" data-elementor-open-lightbox=\"yes\" data-elementor-lightbox-slideshow=\"072a747\" data-elementor-lightbox-title=\"Abdeshof_nieuw_bedrijven_04\" data-e-action-hash=\"#elementor-action%3Aaction%3Dlightbox%26settings%3DeyJpZCI6MzQ4OCwidXJsIjoiaHR0cHM6XC9cL2FiZGVzaG9mLmJlXC93cC1jb250ZW50XC91cGxvYWRzXC8yMDI1XC8wNVwvQWJkZXNob2ZfbmlldXdfYmVkcmlqdmVuXzA0LXNjYWxlZC5qcGciLCJzbGlkZXNob3ciOiIwNzJhNzQ3In0%3D\">\n\t\t\t\t\t<div class=\"e-gallery-image elementor-gallery-item__image\" data-thumbnail=\"https:\/\/abdeshof.be\/wp-content\/uploads\/2025\/05\/Abdeshof_nieuw_bedrijven_04-300x200.jpg\" data-width=\"300\" data-height=\"200\" aria-label=\"\" role=\"img\" ><\/div>\n\t\t\t\t\t\t\t\t\t\t\t<div class=\"elementor-gallery-item__overlay\"><\/div>\n\t\t\t\t\t\t\t\t\t\t\t\t\t\t<\/a>\n\t\t\t\t\t\t\t<a class=\"e-gallery-item elementor-gallery-item elementor-animated-content\" href=\"https:\/\/abdeshof.be\/wp-content\/uploads\/2025\/05\/Abdeshof_nieuw_bedrijven_02-scaled.jpg\" data-elementor-open-lightbox=\"yes\" data-elementor-lightbox-slideshow=\"072a747\" data-elementor-lightbox-title=\"Abdeshof_nieuw_bedrijven_02\" data-e-action-hash=\"#elementor-action%3Aaction%3Dlightbox%26settings%3DeyJpZCI6MzQ4MiwidXJsIjoiaHR0cHM6XC9cL2FiZGVzaG9mLmJlXC93cC1jb250ZW50XC91cGxvYWRzXC8yMDI1XC8wNVwvQWJkZXNob2ZfbmlldXdfYmVkcmlqdmVuXzAyLXNjYWxlZC5qcGciLCJzbGlkZXNob3ciOiIwNzJhNzQ3In0%3D\">\n\t\t\t\t\t<div class=\"e-gallery-image elementor-gallery-item__image\" data-thumbnail=\"https:\/\/abdeshof.be\/wp-content\/uploads\/2025\/05\/Abdeshof_nieuw_bedrijven_02-300x200.jpg\" data-width=\"300\" data-height=\"200\" aria-label=\"\" role=\"img\" ><\/div>\n\t\t\t\t\t\t\t\t\t\t\t<div class=\"elementor-gallery-item__overlay\"><\/div>\n\t\t\t\t\t\t\t\t\t\t\t\t\t\t<\/a>\n\t\t\t\t\t\t\t<a class=\"e-gallery-item elementor-gallery-item elementor-animated-content\" href=\"https:\/\/abdeshof.be\/wp-content\/uploads\/2025\/05\/Abdeshof_nieuw_badkamer_01-scaled.jpg\" data-elementor-open-lightbox=\"yes\" data-elementor-lightbox-slideshow=\"072a747\" data-elementor-lightbox-title=\"Abdeshof_nieuw_badkamer_01\" data-e-action-hash=\"#elementor-action%3Aaction%3Dlightbox%26settings%3DeyJpZCI6MzQ3MywidXJsIjoiaHR0cHM6XC9cL2FiZGVzaG9mLmJlXC93cC1jb250ZW50XC91cGxvYWRzXC8yMDI1XC8wNVwvQWJkZXNob2ZfbmlldXdfYmFka2FtZXJfMDEtc2NhbGVkLmpwZyIsInNsaWRlc2hvdyI6IjA3MmE3NDcifQ%3D%3D\">\n\t\t\t\t\t<div class=\"e-gallery-image elementor-gallery-item__image\" data-thumbnail=\"https:\/\/abdeshof.be\/wp-content\/uploads\/2025\/05\/Abdeshof_nieuw_badkamer_01-300x200.jpg\" data-width=\"300\" data-height=\"200\" aria-label=\"\" role=\"img\" ><\/div>\n\t\t\t\t\t\t\t\t\t\t\t<div class=\"elementor-gallery-item__overlay\"><\/div>\n\t\t\t\t\t\t\t\t\t\t\t\t\t\t<\/a>\n\t\t\t\t\t\t\t<a class=\"e-gallery-item elementor-gallery-item elementor-animated-content\" href=\"https:\/\/abdeshof.be\/wp-content\/uploads\/2025\/05\/Abdeshof_nieuw_badkamer_02-scaled.jpg\" data-elementor-open-lightbox=\"yes\" data-elementor-lightbox-slideshow=\"072a747\" data-elementor-lightbox-title=\"Abdeshof_nieuw_badkamer_02\" data-e-action-hash=\"#elementor-action%3Aaction%3Dlightbox%26settings%3DeyJpZCI6MzQ3NiwidXJsIjoiaHR0cHM6XC9cL2FiZGVzaG9mLmJlXC93cC1jb250ZW50XC91cGxvYWRzXC8yMDI1XC8wNVwvQWJkZXNob2ZfbmlldXdfYmFka2FtZXJfMDItc2NhbGVkLmpwZyIsInNsaWRlc2hvdyI6IjA3MmE3NDcifQ%3D%3D\">\n\t\t\t\t\t<div class=\"e-gallery-image elementor-gallery-item__image\" data-thumbnail=\"https:\/\/abdeshof.be\/wp-content\/uploads\/2025\/05\/Abdeshof_nieuw_badkamer_02-200x300.jpg\" data-width=\"200\" data-height=\"300\" aria-label=\"\" role=\"img\" ><\/div>\n\t\t\t\t\t\t\t\t\t\t\t<div class=\"elementor-gallery-item__overlay\"><\/div>\n\t\t\t\t\t\t\t\t\t\t\t\t\t\t<\/a>\n\t\t\t\t\t\t\t<a class=\"e-gallery-item elementor-gallery-item elementor-animated-content\" href=\"https:\/\/abdeshof.be\/wp-content\/uploads\/2025\/05\/Abdeshof_nieuw_07.jpg\" data-elementor-open-lightbox=\"yes\" data-elementor-lightbox-slideshow=\"072a747\" data-elementor-lightbox-title=\"Abdeshof_nieuw_07\" data-e-action-hash=\"#elementor-action%3Aaction%3Dlightbox%26settings%3DeyJpZCI6MzQ3MCwidXJsIjoiaHR0cHM6XC9cL2FiZGVzaG9mLmJlXC93cC1jb250ZW50XC91cGxvYWRzXC8yMDI1XC8wNVwvQWJkZXNob2ZfbmlldXdfMDcuanBnIiwic2xpZGVzaG93IjoiMDcyYTc0NyJ9\">\n\t\t\t\t\t<div class=\"e-gallery-image elementor-gallery-item__image\" data-thumbnail=\"https:\/\/abdeshof.be\/wp-content\/uploads\/2025\/05\/Abdeshof_nieuw_07-300x226.jpg\" data-width=\"300\" data-height=\"226\" aria-label=\"\" role=\"img\" ><\/div>\n\t\t\t\t\t\t\t\t\t\t\t<div class=\"elementor-gallery-item__overlay\"><\/div>\n\t\t\t\t\t\t\t\t\t\t\t\t\t\t<\/a>\n\t\t\t\t\t\t\t<a class=\"e-gallery-item elementor-gallery-item elementor-animated-content\" href=\"https:\/\/abdeshof.be\/wp-content\/uploads\/2025\/05\/Abdeshof_nieuw_05.jpg\" data-elementor-open-lightbox=\"yes\" data-elementor-lightbox-slideshow=\"072a747\" data-elementor-lightbox-title=\"Abdeshof_nieuw_05\" data-e-action-hash=\"#elementor-action%3Aaction%3Dlightbox%26settings%3DeyJpZCI6MzQ2NywidXJsIjoiaHR0cHM6XC9cL2FiZGVzaG9mLmJlXC93cC1jb250ZW50XC91cGxvYWRzXC8yMDI1XC8wNVwvQWJkZXNob2ZfbmlldXdfMDUuanBnIiwic2xpZGVzaG93IjoiMDcyYTc0NyJ9\">\n\t\t\t\t\t<div class=\"e-gallery-image elementor-gallery-item__image\" data-thumbnail=\"https:\/\/abdeshof.be\/wp-content\/uploads\/2025\/05\/Abdeshof_nieuw_05-226x300.jpg\" data-width=\"226\" data-height=\"300\" aria-label=\"\" role=\"img\" ><\/div>\n\t\t\t\t\t\t\t\t\t\t\t<div class=\"elementor-gallery-item__overlay\"><\/div>\n\t\t\t\t\t\t\t\t\t\t\t\t\t\t<\/a>\n\t\t\t\t\t\t\t<a class=\"e-gallery-item elementor-gallery-item elementor-animated-content\" href=\"https:\/\/abdeshof.be\/wp-content\/uploads\/2025\/05\/Abdeshof_nieuw_03.jpg\" data-elementor-open-lightbox=\"yes\" data-elementor-lightbox-slideshow=\"072a747\" data-elementor-lightbox-title=\"Abdeshof_nieuw_03\" data-e-action-hash=\"#elementor-action%3Aaction%3Dlightbox%26settings%3DeyJpZCI6MzQ2MSwidXJsIjoiaHR0cHM6XC9cL2FiZGVzaG9mLmJlXC93cC1jb250ZW50XC91cGxvYWRzXC8yMDI1XC8wNVwvQWJkZXNob2ZfbmlldXdfMDMuanBnIiwic2xpZGVzaG93IjoiMDcyYTc0NyJ9\">\n\t\t\t\t\t<div class=\"e-gallery-image elementor-gallery-item__image\" data-thumbnail=\"https:\/\/abdeshof.be\/wp-content\/uploads\/2025\/05\/Abdeshof_nieuw_03-226x300.jpg\" data-width=\"226\" data-height=\"300\" aria-label=\"\" role=\"img\" ><\/div>\n\t\t\t\t\t\t\t\t\t\t\t<div class=\"elementor-gallery-item__overlay\"><\/div>\n\t\t\t\t\t\t\t\t\t\t\t\t\t\t<\/a>\n\t\t\t\t\t\t\t<a class=\"e-gallery-item elementor-gallery-item elementor-animated-content\" href=\"https:\/\/abdeshof.be\/wp-content\/uploads\/2025\/05\/Abdeshof_nieuw_01.jpg\" data-elementor-open-lightbox=\"yes\" data-elementor-lightbox-slideshow=\"072a747\" data-elementor-lightbox-title=\"Abdeshof_nieuw_01\" data-e-action-hash=\"#elementor-action%3Aaction%3Dlightbox%26settings%3DeyJpZCI6MzQ1NSwidXJsIjoiaHR0cHM6XC9cL2FiZGVzaG9mLmJlXC93cC1jb250ZW50XC91cGxvYWRzXC8yMDI1XC8wNVwvQWJkZXNob2ZfbmlldXdfMDEuanBnIiwic2xpZGVzaG93IjoiMDcyYTc0NyJ9\">\n\t\t\t\t\t<div class=\"e-gallery-image elementor-gallery-item__image\" data-thumbnail=\"https:\/\/abdeshof.be\/wp-content\/uploads\/2025\/05\/Abdeshof_nieuw_01-226x300.jpg\" data-width=\"226\" data-height=\"300\" aria-label=\"\" role=\"img\" ><\/div>\n\t\t\t\t\t\t\t\t\t\t\t<div class=\"elementor-gallery-item__overlay\"><\/div>\n\t\t\t\t\t\t\t\t\t\t\t\t\t\t<\/a>\n\t\t\t\t\t\t\t<a class=\"e-gallery-item elementor-gallery-item elementor-animated-content\" href=\"https:\/\/abdeshof.be\/wp-content\/uploads\/2025\/05\/Abdeshof_nieuw_02.jpeg\" data-elementor-open-lightbox=\"yes\" data-elementor-lightbox-slideshow=\"072a747\" data-elementor-lightbox-title=\"Abdeshof_nieuw_02\" data-e-action-hash=\"#elementor-action%3Aaction%3Dlightbox%26settings%3DeyJpZCI6MzQ1OCwidXJsIjoiaHR0cHM6XC9cL2FiZGVzaG9mLmJlXC93cC1jb250ZW50XC91cGxvYWRzXC8yMDI1XC8wNVwvQWJkZXNob2ZfbmlldXdfMDIuanBlZyIsInNsaWRlc2hvdyI6IjA3MmE3NDcifQ%3D%3D\">\n\t\t\t\t\t<div class=\"e-gallery-image elementor-gallery-item__image\" data-thumbnail=\"https:\/\/abdeshof.be\/wp-content\/uploads\/2025\/05\/Abdeshof_nieuw_02-300x225.jpeg\" data-width=\"300\" data-height=\"225\" aria-label=\"\" role=\"img\" ><\/div>\n\t\t\t\t\t\t\t\t\t\t\t<div class=\"elementor-gallery-item__overlay\"><\/div>\n\t\t\t\t\t\t\t\t\t\t\t\t\t\t<\/a>\n\t\t\t\t\t<\/div>\n\t\t\t\t\t<\/div>\n\t\t\t\t<\/div>\n\t\t\t\t\t<\/div>\n\t\t\t\t<\/div>\n\t\t<div class=\"elementor-element elementor-element-e21a3b4 custom-bold custom-bottom-overlay e-flex e-con-boxed e-con e-parent\" data-id=\"e21a3b4\" data-element_type=\"container\">\n\t\t\t\t\t<div class=\"e-con-inner\">\n\t\t<div class=\"elementor-element elementor-element-aef574c e-con-full e-flex e-con e-child\" data-id=\"aef574c\" data-element_type=\"container\">\n\t\t<div class=\"elementor-element elementor-element-e8963f4 e-con-full e-flex elementor-invisible e-con e-child\" data-id=\"e8963f4\" data-element_type=\"container\" data-settings=\"{&quot;animation&quot;:&quot;fadeInUp&quot;}\">\n\t\t\t\t<div class=\"elementor-element elementor-element-5bc3b83 elementor-hidden-mobile elementor-view-default elementor-position-top elementor-widget elementor-widget-icon-box\" data-id=\"5bc3b83\" data-element_type=\"widget\" data-widget_type=\"icon-box.default\">\n\t\t\t\t<div class=\"elementor-widget-container\">\n\t\t\t\t\t\t\t<div class=\"elementor-icon-box-wrapper\">\n\n\t\t\t\t\t\t<div class=\"elementor-icon-box-icon\">\n\t\t\t\t<span  class=\"elementor-icon\">\n\t\t\t\t<svg xmlns=\"http:\/\/www.w3.org\/2000\/svg\" width=\"26\" height=\"34\" viewBox=\"0 0 26 34\" fill=\"none\"><path d=\"M11.2691 33.9316C11.2691 33.9316 8.39214 26.4059 12.6576 22.1445C16.9231 17.8831 22.8772 13.7642 24.2354 10.9785C24.2354 10.9785 33.0525 25.6727 11.2691 33.9293\" fill=\"#506E5F\"><\/path><path d=\"M23.7165 0C23.7165 0 26.4167 7.06572 22.4141 11.0679C18.4091 15.0701 12.8179 18.9369 11.5433 21.5521C11.5433 21.5521 3.26584 7.75455 23.7165 0Z\" fill=\"#506E5F\"><\/path><path d=\"M9.15896 25.9773C9.15896 25.9773 7.24716 20.4527 0 21.7229C0 21.7229 7.48439 24.4082 9.35898 34.0004L9.15896 25.9773Z\" fill=\"#506E5F\"><\/path><\/svg>\t\t\t\t<\/span>\n\t\t\t<\/div>\n\t\t\t\n\t\t\t\t\t\t<div class=\"elementor-icon-box-content\">\n\n\t\t\t\t\t\t\t\t\t<h3 class=\"elementor-icon-box-title\">\n\t\t\t\t\t\t<span  >\n\t\t\t\t\t\t\tVacances, affaires ou<br>escapade de fin de semaine ?\t\t\t\t\t\t<\/span>\n\t\t\t\t\t<\/h3>\n\t\t\t\t\n\t\t\t\t\n\t\t\t<\/div>\n\t\t\t\n\t\t<\/div>\n\t\t\t\t\t\t<\/div>\n\t\t\t\t<\/div>\n\t\t\t\t<div class=\"elementor-element elementor-element-b36f9c0 elementor-hidden-desktop elementor-hidden-laptop elementor-hidden-tablet elementor-view-default elementor-position-top elementor-invisible elementor-widget elementor-widget-icon-box\" data-id=\"b36f9c0\" data-element_type=\"widget\" data-settings=\"{&quot;_animation&quot;:&quot;fadeInUp&quot;}\" data-widget_type=\"icon-box.default\">\n\t\t\t\t<div class=\"elementor-widget-container\">\n\t\t\t\t\t\t\t<div class=\"elementor-icon-box-wrapper\">\n\n\t\t\t\t\t\t<div class=\"elementor-icon-box-icon\">\n\t\t\t\t<span  class=\"elementor-icon\">\n\t\t\t\t<svg xmlns=\"http:\/\/www.w3.org\/2000\/svg\" width=\"26\" height=\"34\" viewBox=\"0 0 26 34\" fill=\"none\"><path d=\"M11.2691 33.9316C11.2691 33.9316 8.39214 26.4059 12.6576 22.1445C16.9231 17.8831 22.8772 13.7642 24.2354 10.9785C24.2354 10.9785 33.0525 25.6727 11.2691 33.9293\" fill=\"#506E5F\"><\/path><path d=\"M23.7165 0C23.7165 0 26.4167 7.06572 22.4141 11.0679C18.4091 15.0701 12.8179 18.9369 11.5433 21.5521C11.5433 21.5521 3.26584 7.75455 23.7165 0Z\" fill=\"#506E5F\"><\/path><path d=\"M9.15896 25.9773C9.15896 25.9773 7.24716 20.4527 0 21.7229C0 21.7229 7.48439 24.4082 9.35898 34.0004L9.15896 25.9773Z\" fill=\"#506E5F\"><\/path><\/svg>\t\t\t\t<\/span>\n\t\t\t<\/div>\n\t\t\t\n\t\t\t\t\t\t<div class=\"elementor-icon-box-content\">\n\n\t\t\t\t\t\t\t\t\t<h3 class=\"elementor-icon-box-title\">\n\t\t\t\t\t\t<span  >\n\t\t\t\t\t\t\tVacances, affaires ou escapade de fin de semaine ?\t\t\t\t\t\t<\/span>\n\t\t\t\t\t<\/h3>\n\t\t\t\t\n\t\t\t\t\n\t\t\t<\/div>\n\t\t\t\n\t\t<\/div>\n\t\t\t\t\t\t<\/div>\n\t\t\t\t<\/div>\n\t\t\t\t<div class=\"elementor-element elementor-element-092161c elementor-widget elementor-widget-text-editor\" data-id=\"092161c\" data-element_type=\"widget\" data-widget_type=\"text-editor.default\">\n\t\t\t\t<div class=\"elementor-widget-container\">\n\t\t\t\t\t\t\t\t\t<p>Depuis <b>20 ans<\/b>, nous accueillons nos h\u00f4tes avec plaisir<br><span style=\"font-size: 1.5rem;\">et sommes devenus une valeur s\u00fbre dans la r\u00e9gion.<\/span><\/p>\t\t\t\t\t\t\t\t<\/div>\n\t\t\t\t<\/div>\n\t\t\t\t<div class=\"elementor-element elementor-element-bd1f860 elementor-widget-divider--view-line elementor-invisible elementor-widget elementor-widget-divider\" data-id=\"bd1f860\" data-element_type=\"widget\" data-settings=\"{&quot;_animation&quot;:&quot;fadeInUp&quot;}\" data-widget_type=\"divider.default\">\n\t\t\t\t<div class=\"elementor-widget-container\">\n\t\t\t\t\t\t\t<div class=\"elementor-divider\">\n\t\t\t<span class=\"elementor-divider-separator\">\n\t\t\t\t\t\t<\/span>\n\t\t<\/div>\n\t\t\t\t\t\t<\/div>\n\t\t\t\t<\/div>\n\t\t\t\t<\/div>\n\t\t<div class=\"elementor-element elementor-element-2b26253 e-con-full e-flex e-con e-child\" data-id=\"2b26253\" data-element_type=\"container\">\n\t\t<div class=\"elementor-element elementor-element-16f31b0 e-con-full e-flex elementor-invisible e-con e-child\" data-id=\"16f31b0\" data-element_type=\"container\" data-settings=\"{&quot;animation&quot;:&quot;fadeInUp&quot;}\">\n\t\t\t\t<div class=\"elementor-element elementor-element-06d2dc7 elementor-widget elementor-widget-heading\" data-id=\"06d2dc7\" data-element_type=\"widget\" data-widget_type=\"heading.default\">\n\t\t\t\t<div class=\"elementor-widget-container\">\n\t\t\t\t\t<h2 class=\"elementor-heading-title elementor-size-default\">R\u00e9sidence de vacances<\/h2>\t\t\t\t<\/div>\n\t\t\t\t<\/div>\n\t\t\t\t<div class=\"elementor-element elementor-element-7dd882d elementor-widget elementor-widget-text-editor\" data-id=\"7dd882d\" data-element_type=\"widget\" data-widget_type=\"text-editor.default\">\n\t\t\t\t<div class=\"elementor-widget-container\">\n\t\t\t\t\t\t\t\t\t<p>Durant les <b>week-ends<\/b>, nous louons le <b>g\u00eete de vacances<\/b> Het Abdeshof, adapt\u00e9 pour <b>30 personnes<\/b>, avec <b>9 chambres<\/b> et salles de bains privatives, exclusivement pour votre groupe.<\/p>\t\t\t\t\t\t\t\t<\/div>\n\t\t\t\t<\/div>\n\t\t\t\t<div class=\"elementor-element elementor-element-b7ed0f9 elementor-icon-list--layout-traditional elementor-list-item-link-full_width elementor-widget elementor-widget-icon-list\" data-id=\"b7ed0f9\" data-element_type=\"widget\" data-widget_type=\"icon-list.default\">\n\t\t\t\t<div class=\"elementor-widget-container\">\n\t\t\t\t\t\t\t<ul class=\"elementor-icon-list-items\">\n\t\t\t\t\t\t\t<li class=\"elementor-icon-list-item\">\n\t\t\t\t\t\t\t\t\t\t\t<a href=\"https:\/\/abdeshof.be\/vakantiewoning\/\">\n\n\t\t\t\t\t\t\t\t\t\t\t<span class=\"elementor-icon-list-text\"><!-- From Uiverse.io by alexmaracinaru --> <div class=\"cta cta--default\">   <span class=\"hover-underline-animation\">Plus d'informations<\/span>   <svg xmlns=\"http:\/\/www.w3.org\/2000\/svg\" id=\"arrow-horizontal\" width=\"30\" height=\"10\" viewbox=\"0 0 46 16\">     <path       id=\"Path_10\"       data-name=\"Path 10\"       d=\"M8,0,6.545,1.455l5.506,5.506H-30V9.039H12.052L6.545,14.545,8,16l8-8Z\"       transform=\"translate(10)\"     ><\/path>   <\/svg> <\/div><\/span>\n\t\t\t\t\t\t\t\t\t\t\t<\/a>\n\t\t\t\t\t\t\t\t\t<\/li>\n\t\t\t\t\t\t<\/ul>\n\t\t\t\t\t\t<\/div>\n\t\t\t\t<\/div>\n\t\t\t\t<\/div>\n\t\t<div class=\"elementor-element elementor-element-26f035d e-con-full e-flex elementor-invisible e-con e-child\" data-id=\"26f035d\" data-element_type=\"container\" data-settings=\"{&quot;animation&quot;:&quot;fadeInUp&quot;,&quot;animation_delay&quot;:100}\">\n\t\t\t\t<div class=\"elementor-element elementor-element-c64234a elementor-widget elementor-widget-heading\" data-id=\"c64234a\" data-element_type=\"widget\" data-widget_type=\"heading.default\">\n\t\t\t\t<div class=\"elementor-widget-container\">\n\t\t\t\t\t<h2 class=\"elementor-heading-title elementor-size-default\">Chambres d'h\u00f4tes<\/h2>\t\t\t\t<\/div>\n\t\t\t\t<\/div>\n\t\t\t\t<div class=\"elementor-element elementor-element-3492aba elementor-widget elementor-widget-text-editor\" data-id=\"3492aba\" data-element_type=\"widget\" data-widget_type=\"text-editor.default\">\n\t\t\t\t<div class=\"elementor-widget-container\">\n\t\t\t\t\t\t\t\t\t<p>Notre Bed  Breakfast est ouvert pendant toutes les <b>vacances scolaires<\/b> et \u00e9galement disponible en <b>semaine<\/b> en <b>mai<\/b>, <b>juin<\/b> et <b>septembre<\/b>.<br data-start=\"217\" data-end=\"220\">Nous disposons de chambres pouvant accueillir de <b>2<\/b> \u00e0 <b>6 personnes<\/b>.<\/p>\t\t\t\t\t\t\t\t<\/div>\n\t\t\t\t<\/div>\n\t\t\t\t<div class=\"elementor-element elementor-element-6385f72 elementor-icon-list--layout-traditional elementor-list-item-link-full_width elementor-widget elementor-widget-icon-list\" data-id=\"6385f72\" data-element_type=\"widget\" data-widget_type=\"icon-list.default\">\n\t\t\t\t<div class=\"elementor-widget-container\">\n\t\t\t\t\t\t\t<ul class=\"elementor-icon-list-items\">\n\t\t\t\t\t\t\t<li class=\"elementor-icon-list-item\">\n\t\t\t\t\t\t\t\t\t\t\t<a href=\"https:\/\/abdeshof.be\/bed-en-breakfast\/\">\n\n\t\t\t\t\t\t\t\t\t\t\t<span class=\"elementor-icon-list-text\"><!-- From Uiverse.io by alexmaracinaru --> <div class=\"cta cta--default\">   <span class=\"hover-underline-animation\">Plus d'informations<\/span>   <svg xmlns=\"http:\/\/www.w3.org\/2000\/svg\" id=\"arrow-horizontal\" width=\"30\" height=\"10\" viewbox=\"0 0 46 16\">     <path       id=\"Path_10\"       data-name=\"Path 10\"       d=\"M8,0,6.545,1.455l5.506,5.506H-30V9.039H12.052L6.545,14.545,8,16l8-8Z\"       transform=\"translate(10)\"     ><\/path>   <\/svg> <\/div><\/span>\n\t\t\t\t\t\t\t\t\t\t\t<\/a>\n\t\t\t\t\t\t\t\t\t<\/li>\n\t\t\t\t\t\t<\/ul>\n\t\t\t\t\t\t<\/div>\n\t\t\t\t<\/div>\n\t\t\t\t<\/div>\n\t\t<div class=\"elementor-element elementor-element-64a6846 e-con-full e-flex elementor-invisible e-con e-child\" data-id=\"64a6846\" data-element_type=\"container\" data-settings=\"{&quot;animation&quot;:&quot;fadeInUp&quot;,&quot;animation_delay&quot;:200}\">\n\t\t\t\t<div class=\"elementor-element elementor-element-9311312 elementor-widget elementor-widget-heading\" data-id=\"9311312\" data-element_type=\"widget\" data-widget_type=\"heading.default\">\n\t\t\t\t<div class=\"elementor-widget-container\">\n\t\t\t\t\t<h2 class=\"elementor-heading-title elementor-size-default\">Entreprises<\/h2>\t\t\t\t<\/div>\n\t\t\t\t<\/div>\n\t\t\t\t<div class=\"elementor-element elementor-element-f45ab60 elementor-widget elementor-widget-text-editor\" data-id=\"f45ab60\" data-element_type=\"widget\" data-widget_type=\"text-editor.default\">\n\t\t\t\t<div class=\"elementor-widget-container\">\n\t\t\t\t\t\t\t\t\t<p>Notre <b>salle de r\u00e9union<\/b> est disponible \u00e0 la location <b>toute l&rsquo;ann\u00e9e<\/b>, pour une <b>demi-journ\u00e9e<\/b> ou un <b>s\u00e9minaire de plusieurs jours<\/b> avec <b>h\u00e9bergement<\/b>. Nous nous ferons \u00e9galement un plaisir de vous aider \u00e0 organiser une <b>activit\u00e9 de team-building<\/b> sur mesure. <\/p>\t\t\t\t\t\t\t\t<\/div>\n\t\t\t\t<\/div>\n\t\t\t\t<div class=\"elementor-element elementor-element-1bbef6f elementor-icon-list--layout-traditional elementor-list-item-link-full_width elementor-widget elementor-widget-icon-list\" data-id=\"1bbef6f\" data-element_type=\"widget\" data-widget_type=\"icon-list.default\">\n\t\t\t\t<div class=\"elementor-widget-container\">\n\t\t\t\t\t\t\t<ul class=\"elementor-icon-list-items\">\n\t\t\t\t\t\t\t<li class=\"elementor-icon-list-item\">\n\t\t\t\t\t\t\t\t\t\t\t<a href=\"https:\/\/abdeshof.be\/bedrijven\/\">\n\n\t\t\t\t\t\t\t\t\t\t\t<span class=\"elementor-icon-list-text\"><!-- From Uiverse.io by alexmaracinaru --> <div class=\"cta cta--default\">   <span class=\"hover-underline-animation\">Plus d'informations<\/span>   <svg xmlns=\"http:\/\/www.w3.org\/2000\/svg\" id=\"arrow-horizontal\" width=\"30\" height=\"10\" viewbox=\"0 0 46 16\">     <path       id=\"Path_10\"       data-name=\"Path 10\"       d=\"M8,0,6.545,1.455l5.506,5.506H-30V9.039H12.052L6.545,14.545,8,16l8-8Z\"       transform=\"translate(10)\"     ><\/path>   <\/svg> <\/div><\/span>\n\t\t\t\t\t\t\t\t\t\t\t<\/a>\n\t\t\t\t\t\t\t\t\t<\/li>\n\t\t\t\t\t\t<\/ul>\n\t\t\t\t\t\t<\/div>\n\t\t\t\t<\/div>\n\t\t\t\t<\/div>\n\t\t\t\t<\/div>\n\t\t\t\t<\/div>\n\t\t<div class=\"elementor-element elementor-element-2122519 e-con-full e-flex elementor-invisible e-con e-child\" data-id=\"2122519\" data-element_type=\"container\" data-settings=\"{&quot;background_background&quot;:&quot;classic&quot;,&quot;animation&quot;:&quot;fadeInUp&quot;}\">\n\t\t\t\t<\/div>\n\t\t\t\t\t<\/div>\n\t\t\t\t<\/div>\n\t\t\t\t<\/div>\n\t\t","protected":false},"excerpt":{"rendered":"<p>Images d&rsquo;ambiance Abdeshof Vacances, affaires ouescapade de fin de semaine ? Vacances, affaires ou escapade de fin de semaine ? Depuis 20 ans, nous accueillons nos h\u00f4tes avec plaisiret sommes devenus une valeur s\u00fbre dans la r\u00e9gion. R\u00e9sidence de vacances Durant les week-ends, nous louons le g\u00eete de vacances Het Abdeshof, adapt\u00e9 pour 30 personnes, [&hellip;]<\/p>\n","protected":false},"author":1,"featured_media":3006,"parent":0,"menu_order":0,"comment_status":"closed","ping_status":"closed","template":"","meta":{"footnotes":""},"class_list":["post-3092","page","type-page","status-publish","has-post-thumbnail","hentry"],"yoast_head":"<!-- This site is optimized with the Yoast SEO plugin v25.6 - https:\/\/yoast.com\/wordpress\/plugins\/seo\/ -->\n<title>Images d&#039;ambiance \u2013 Het Abdeshof Middelkerke en images<\/title>\n<meta name=\"description\" content=\"D\u00e9couvrez Het Abdeshof \u00e0 Middelkerke : calme rural, confort et salles de r\u00e9union modernes.\" \/>\n<meta name=\"robots\" content=\"index, follow, max-snippet:-1, max-image-preview:large, max-video-preview:-1\" \/>\n<link rel=\"canonical\" href=\"https:\/\/abdeshof.be\/fr\/images-dambiance\/\" \/>\n<meta property=\"og:locale\" content=\"fr_FR\" \/>\n<meta property=\"og:type\" content=\"article\" \/>\n<meta property=\"og:title\" content=\"Images d&#039;ambiance \u2013 Het Abdeshof Middelkerke en images\" \/>\n<meta property=\"og:description\" content=\"D\u00e9couvrez Het Abdeshof \u00e0 Middelkerke : calme rural, confort et salles de r\u00e9union modernes.\" \/>\n<meta property=\"og:url\" content=\"https:\/\/abdeshof.be\/fr\/images-dambiance\/\" \/>\n<meta property=\"og:site_name\" content=\"Abdeshof\" \/>\n<meta property=\"article:publisher\" content=\"https:\/\/www.facebook.com\/Abdeshof\" \/>\n<meta property=\"article:modified_time\" content=\"2025-05-09T12:21:18+00:00\" \/>\n<meta property=\"og:image\" content=\"https:\/\/abdeshof.be\/wp-content\/uploads\/2025\/04\/22-020_Abdeshof_06052022_228.webp\" \/>\n\t<meta property=\"og:image:width\" content=\"2373\" \/>\n\t<meta property=\"og:image:height\" content=\"1582\" \/>\n\t<meta property=\"og:image:type\" content=\"image\/webp\" \/>\n<meta name=\"twitter:card\" content=\"summary_large_image\" \/>\n<meta name=\"twitter:label1\" content=\"Dur\u00e9e de lecture estim\u00e9e\" \/>\n\t<meta name=\"twitter:data1\" content=\"1 minute\" \/>\n<script type=\"application\/ld+json\" class=\"yoast-schema-graph\">{\"@context\":\"https:\/\/schema.org\",\"@graph\":[{\"@type\":\"WebPage\",\"@id\":\"https:\/\/abdeshof.be\/fr\/images-dambiance\/\",\"url\":\"https:\/\/abdeshof.be\/fr\/images-dambiance\/\",\"name\":\"Images d'ambiance \u2013 Het Abdeshof Middelkerke en images\",\"isPartOf\":{\"@id\":\"https:\/\/abdeshof.be\/fr\/#website\"},\"primaryImageOfPage\":{\"@id\":\"https:\/\/abdeshof.be\/fr\/images-dambiance\/#primaryimage\"},\"image\":{\"@id\":\"https:\/\/abdeshof.be\/fr\/images-dambiance\/#primaryimage\"},\"thumbnailUrl\":\"https:\/\/abdeshof.be\/wp-content\/uploads\/2025\/04\/22-020_Abdeshof_06052022_228.webp\",\"datePublished\":\"2025-04-20T11:42:28+00:00\",\"dateModified\":\"2025-05-09T12:21:18+00:00\",\"description\":\"D\u00e9couvrez Het Abdeshof \u00e0 Middelkerke : calme rural, confort et salles de r\u00e9union modernes.\",\"breadcrumb\":{\"@id\":\"https:\/\/abdeshof.be\/fr\/images-dambiance\/#breadcrumb\"},\"inLanguage\":\"fr-FR\",\"potentialAction\":[{\"@type\":\"ReadAction\",\"target\":[\"https:\/\/abdeshof.be\/fr\/images-dambiance\/\"]}]},{\"@type\":\"ImageObject\",\"inLanguage\":\"fr-FR\",\"@id\":\"https:\/\/abdeshof.be\/fr\/images-dambiance\/#primaryimage\",\"url\":\"https:\/\/abdeshof.be\/wp-content\/uploads\/2025\/04\/22-020_Abdeshof_06052022_228.webp\",\"contentUrl\":\"https:\/\/abdeshof.be\/wp-content\/uploads\/2025\/04\/22-020_Abdeshof_06052022_228.webp\",\"width\":2373,\"height\":1582},{\"@type\":\"BreadcrumbList\",\"@id\":\"https:\/\/abdeshof.be\/fr\/images-dambiance\/#breadcrumb\",\"itemListElement\":[{\"@type\":\"ListItem\",\"position\":1,\"name\":\"Home\",\"item\":\"https:\/\/abdeshof.be\/fr\/\"},{\"@type\":\"ListItem\",\"position\":2,\"name\":\"Images d&#8217;ambiance\"}]},{\"@type\":\"WebSite\",\"@id\":\"https:\/\/abdeshof.be\/fr\/#website\",\"url\":\"https:\/\/abdeshof.be\/fr\/\",\"name\":\"Abdeshof\",\"description\":\"Vakantiewoning \u2503 B&amp;B \u2503 Meeting\",\"publisher\":{\"@id\":\"https:\/\/abdeshof.be\/fr\/#organization\"},\"potentialAction\":[{\"@type\":\"SearchAction\",\"target\":{\"@type\":\"EntryPoint\",\"urlTemplate\":\"https:\/\/abdeshof.be\/fr\/?s={search_term_string}\"},\"query-input\":{\"@type\":\"PropertyValueSpecification\",\"valueRequired\":true,\"valueName\":\"search_term_string\"}}],\"inLanguage\":\"fr-FR\"},{\"@type\":\"Organization\",\"@id\":\"https:\/\/abdeshof.be\/fr\/#organization\",\"name\":\"Abdeshof\",\"url\":\"https:\/\/abdeshof.be\/fr\/\",\"logo\":{\"@type\":\"ImageObject\",\"inLanguage\":\"fr-FR\",\"@id\":\"https:\/\/abdeshof.be\/fr\/#\/schema\/logo\/image\/\",\"url\":\"https:\/\/abdeshof.be\/wp-content\/uploads\/2025\/04\/Abdeshof_logo_main_green.svg\",\"contentUrl\":\"https:\/\/abdeshof.be\/wp-content\/uploads\/2025\/04\/Abdeshof_logo_main_green.svg\",\"width\":168,\"height\":211,\"caption\":\"Abdeshof\"},\"image\":{\"@id\":\"https:\/\/abdeshof.be\/fr\/#\/schema\/logo\/image\/\"},\"sameAs\":[\"https:\/\/www.facebook.com\/Abdeshof\",\"https:\/\/www.instagram.com\/abdeshof_middelkerke\/\"]}]}<\/script>\n<!-- \/ Yoast SEO plugin. -->","yoast_head_json":{"title":"Images d'ambiance \u2013 Het Abdeshof Middelkerke en images","description":"D\u00e9couvrez Het Abdeshof \u00e0 Middelkerke : calme rural, confort et salles de r\u00e9union modernes.","robots":{"index":"index","follow":"follow","max-snippet":"max-snippet:-1","max-image-preview":"max-image-preview:large","max-video-preview":"max-video-preview:-1"},"canonical":"https:\/\/abdeshof.be\/fr\/images-dambiance\/","og_locale":"fr_FR","og_type":"article","og_title":"Images d'ambiance \u2013 Het Abdeshof Middelkerke en images","og_description":"D\u00e9couvrez Het Abdeshof \u00e0 Middelkerke : calme rural, confort et salles de r\u00e9union modernes.","og_url":"https:\/\/abdeshof.be\/fr\/images-dambiance\/","og_site_name":"Abdeshof","article_publisher":"https:\/\/www.facebook.com\/Abdeshof","article_modified_time":"2025-05-09T12:21:18+00:00","og_image":[{"width":2373,"height":1582,"url":"https:\/\/abdeshof.be\/wp-content\/uploads\/2025\/04\/22-020_Abdeshof_06052022_228.webp","type":"image\/webp"}],"twitter_card":"summary_large_image","twitter_misc":{"Dur\u00e9e de lecture estim\u00e9e":"1 minute"},"schema":{"@context":"https:\/\/schema.org","@graph":[{"@type":"WebPage","@id":"https:\/\/abdeshof.be\/fr\/images-dambiance\/","url":"https:\/\/abdeshof.be\/fr\/images-dambiance\/","name":"Images d'ambiance \u2013 Het Abdeshof Middelkerke en images","isPartOf":{"@id":"https:\/\/abdeshof.be\/fr\/#website"},"primaryImageOfPage":{"@id":"https:\/\/abdeshof.be\/fr\/images-dambiance\/#primaryimage"},"image":{"@id":"https:\/\/abdeshof.be\/fr\/images-dambiance\/#primaryimage"},"thumbnailUrl":"https:\/\/abdeshof.be\/wp-content\/uploads\/2025\/04\/22-020_Abdeshof_06052022_228.webp","datePublished":"2025-04-20T11:42:28+00:00","dateModified":"2025-05-09T12:21:18+00:00","description":"D\u00e9couvrez Het Abdeshof \u00e0 Middelkerke : calme rural, confort et salles de r\u00e9union modernes.","breadcrumb":{"@id":"https:\/\/abdeshof.be\/fr\/images-dambiance\/#breadcrumb"},"inLanguage":"fr-FR","potentialAction":[{"@type":"ReadAction","target":["https:\/\/abdeshof.be\/fr\/images-dambiance\/"]}]},{"@type":"ImageObject","inLanguage":"fr-FR","@id":"https:\/\/abdeshof.be\/fr\/images-dambiance\/#primaryimage","url":"https:\/\/abdeshof.be\/wp-content\/uploads\/2025\/04\/22-020_Abdeshof_06052022_228.webp","contentUrl":"https:\/\/abdeshof.be\/wp-content\/uploads\/2025\/04\/22-020_Abdeshof_06052022_228.webp","width":2373,"height":1582},{"@type":"BreadcrumbList","@id":"https:\/\/abdeshof.be\/fr\/images-dambiance\/#breadcrumb","itemListElement":[{"@type":"ListItem","position":1,"name":"Home","item":"https:\/\/abdeshof.be\/fr\/"},{"@type":"ListItem","position":2,"name":"Images d&#8217;ambiance"}]},{"@type":"WebSite","@id":"https:\/\/abdeshof.be\/fr\/#website","url":"https:\/\/abdeshof.be\/fr\/","name":"Abdeshof","description":"Vakantiewoning \u2503 B&amp;B \u2503 Meeting","publisher":{"@id":"https:\/\/abdeshof.be\/fr\/#organization"},"potentialAction":[{"@type":"SearchAction","target":{"@type":"EntryPoint","urlTemplate":"https:\/\/abdeshof.be\/fr\/?s={search_term_string}"},"query-input":{"@type":"PropertyValueSpecification","valueRequired":true,"valueName":"search_term_string"}}],"inLanguage":"fr-FR"},{"@type":"Organization","@id":"https:\/\/abdeshof.be\/fr\/#organization","name":"Abdeshof","url":"https:\/\/abdeshof.be\/fr\/","logo":{"@type":"ImageObject","inLanguage":"fr-FR","@id":"https:\/\/abdeshof.be\/fr\/#\/schema\/logo\/image\/","url":"https:\/\/abdeshof.be\/wp-content\/uploads\/2025\/04\/Abdeshof_logo_main_green.svg","contentUrl":"https:\/\/abdeshof.be\/wp-content\/uploads\/2025\/04\/Abdeshof_logo_main_green.svg","width":168,"height":211,"caption":"Abdeshof"},"image":{"@id":"https:\/\/abdeshof.be\/fr\/#\/schema\/logo\/image\/"},"sameAs":["https:\/\/www.facebook.com\/Abdeshof","https:\/\/www.instagram.com\/abdeshof_middelkerke\/"]}]}},"_links":{"self":[{"href":"https:\/\/abdeshof.be\/fr\/wp-json\/wp\/v2\/pages\/3092","targetHints":{"allow":["GET"]}}],"collection":[{"href":"https:\/\/abdeshof.be\/fr\/wp-json\/wp\/v2\/pages"}],"about":[{"href":"https:\/\/abdeshof.be\/fr\/wp-json\/wp\/v2\/types\/page"}],"author":[{"embeddable":true,"href":"https:\/\/abdeshof.be\/fr\/wp-json\/wp\/v2\/users\/1"}],"replies":[{"embeddable":true,"href":"https:\/\/abdeshof.be\/fr\/wp-json\/wp\/v2\/comments?post=3092"}],"version-history":[{"count":1,"href":"https:\/\/abdeshof.be\/fr\/wp-json\/wp\/v2\/pages\/3092\/revisions"}],"predecessor-version":[{"id":3533,"href":"https:\/\/abdeshof.be\/fr\/wp-json\/wp\/v2\/pages\/3092\/revisions\/3533"}],"wp:featuredmedia":[{"embeddable":true,"href":"https:\/\/abdeshof.be\/fr\/wp-json\/wp\/v2\/media\/3006"}],"wp:attachment":[{"href":"https:\/\/abdeshof.be\/fr\/wp-json\/wp\/v2\/media?parent=3092"}],"curies":[{"name":"wp","href":"https:\/\/api.w.org\/{rel}","templated":true}]}}